{"version":"1.0","provider_name":"Gr\u00fcn GmbH","provider_url":"https:\/\/www.gruen-gmbh.de\/en\/","author_name":"admin","author_url":"https:\/\/www.gruen-gmbh.de\/en\/author\/admin\/","title":"GR\u00dcN verabschiedet Ulrike Nies in den Ruhestand - Gr\u00fcn GmbH","type":"rich","width":600,"height":338,"html":"<blockquote class=\"wp-embedded-content\" data-secret=\"bTG7eF1WZv\"><a href=\"https:\/\/www.gruen-gmbh.de\/en\/gruen-verabschiedet-ulrike-nies-in-den-ruhestand\/\">GR\u00dcN verabschiedet Ulrike Nies in den Ruhestand<\/a><\/blockquote><iframe sandbox=\"allow-scripts\" security=\"restricted\" src=\"https:\/\/www.gruen-gmbh.de\/en\/gruen-verabschiedet-ulrike-nies-in-den-ruhestand\/embed\/#?secret=bTG7eF1WZv\" width=\"600\" height=\"338\" title=\"&#8220;GR\u00dcN verabschiedet Ulrike Nies in den Ruhestand&#8221; &#8212; Gr\u00fcn GmbH\" data-secret=\"bTG7eF1WZv\" frameborder=\"0\" marginwidth=\"0\" marginheight=\"0\" scrolling=\"no\" class=\"wp-embedded-content\"><\/iframe><script>\n\/*! This file is auto-generated *\/\n!function(d,l){\"use strict\";l.querySelector&&d.addEventListener&&\"undefined\"!=typeof URL&&(d.wp=d.wp||{},d.wp.receiveEmbedMessage||(d.wp.receiveEmbedMessage=function(e){var t=e.data;if((t||t.secret||t.message||t.value)&&!\/[^a-zA-Z0-9]\/.test(t.secret)){for(var s,r,n,a=l.querySelectorAll('iframe[data-secret=\"'+t.secret+'\"]'),o=l.querySelectorAll('blockquote[data-secret=\"'+t.secret+'\"]'),c=new RegExp(\"^https?:$\",\"i\"),i=0;i<o.length;i++)o[i].style.display=\"none\";for(i=0;i<a.length;i++)s=a[i],e.source===s.contentWindow&&(s.removeAttribute(\"style\"),\"height\"===t.message?(1e3<(r=parseInt(t.value,10))?r=1e3:~~r<200&&(r=200),s.height=r):\"link\"===t.message&&(r=new URL(s.getAttribute(\"src\")),n=new URL(t.value),c.test(n.protocol))&&n.host===r.host&&l.activeElement===s&&(d.top.location.href=t.value))}},d.addEventListener(\"message\",d.wp.receiveEmbedMessage,!1),l.addEventListener(\"DOMContentLoaded\",function(){for(var e,t,s=l.querySelectorAll(\"iframe.wp-embedded-content\"),r=0;r<s.length;r++)(t=(e=s[r]).getAttribute(\"data-secret\"))||(t=Math.random().toString(36).substring(2,12),e.src+=\"#?secret=\"+t,e.setAttribute(\"data-secret\",t)),e.contentWindow.postMessage({message:\"ready\",secret:t},\"*\")},!1)))}(window,document);\n<\/script>","thumbnail_url":"https:\/\/www.gruen-gmbh.de\/wp-content\/uploads\/2022\/06\/DSC_0017_bea.jpg","thumbnail_width":1500,"thumbnail_height":1063,"description":"Nun ist es leider soweit. Am 30.06.2022 hat Ulrike Nies nach \u00fcber 41-j\u00e4hriger T\u00e4tigkeit in der GR\u00dcN-Gruppe ihren letzten Arbeitstag. Zum 01.08.2022 begeht Sie den wohlverdienten Ruhestand und f\u00fcr uns beginnt mehr oder weniger ein neues Zeitalter. Gesellschafterfamilie, Gesch\u00e4ftsf\u00fchrung, Belegschaft und Betriebsrat sind Frau Nies unendlich dankbar f\u00fcr ihre langj\u00e4hrige Treue zur Firma und ihre [&hellip;]"}