{"id":21,"date":"2024-07-16T11:26:27","date_gmt":"2024-07-16T11:26:27","guid":{"rendered":"https:\/\/eventgruen.online\/?page_id=21"},"modified":"2026-02-12T09:18:21","modified_gmt":"2026-02-12T09:18:21","slug":"dachgeraete-bautechnik","status":"publish","type":"page","link":"https:\/\/www.gruen-gmbh.de\/en\/dachgeraete-bautechnik\/","title":{"rendered":"Roofing equipment \/ Building technique"},"content":{"rendered":"<div data-elementor-type=\"wp-page\" data-elementor-id=\"21\" class=\"elementor elementor-21\" data-elementor-post-type=\"page\">\n\t\t\t\t<div class=\"elementor-element elementor-element-8632d2 e-con-full e-flex e-con e-parent\" data-id=\"8632d2\" data-element_type=\"container\">\n\t\t\t\t<div class=\"elementor-element elementor-element-f8f465a elementor-widget__width-inherit elementor-widget elementor-widget-image\" data-id=\"f8f465a\" data-element_type=\"widget\" data-widget_type=\"image.default\">\n\t\t\t\t<div class=\"elementor-widget-container\">\n\t\t\t\t\t\t\t\t\t\t\t\t\t\t\t<img fetchpriority=\"high\" decoding=\"async\" width=\"1920\" height=\"1080\" src=\"https:\/\/www.gruen-gmbh.de\/wp-content\/uploads\/2024\/07\/sliderbild_dachgeraete.webp\" class=\"attachment-full size-full wp-image-68\" alt=\"\" srcset=\"https:\/\/www.gruen-gmbh.de\/wp-content\/uploads\/2024\/07\/sliderbild_dachgeraete.webp 1920w, https:\/\/www.gruen-gmbh.de\/wp-content\/uploads\/2024\/07\/sliderbild_dachgeraete-600x338.webp 600w, https:\/\/www.gruen-gmbh.de\/wp-content\/uploads\/2024\/07\/sliderbild_dachgeraete-300x169.jpg 300w, https:\/\/www.gruen-gmbh.de\/wp-content\/uploads\/2024\/07\/sliderbild_dachgeraete-1024x576.jpg 1024w, https:\/\/www.gruen-gmbh.de\/wp-content\/uploads\/2024\/07\/sliderbild_dachgeraete-768x432.jpg 768w, https:\/\/www.gruen-gmbh.de\/wp-content\/uploads\/2024\/07\/sliderbild_dachgeraete-1536x864.jpg 1536w, https:\/\/www.gruen-gmbh.de\/wp-content\/uploads\/2024\/07\/sliderbild_dachgeraete-2048x1152.jpg 2048w\" sizes=\"(max-width: 1920px) 100vw, 1920px\" \/>\t\t\t\t\t\t\t\t\t\t\t\t\t\t\t<\/div>\n\t\t\t\t<\/div>\n\t\t\t\t<\/div>\n\t\t<div class=\"elementor-element elementor-element-1f27d5d3 e-flex e-con-boxed e-con e-parent\" data-id=\"1f27d5d3\" data-element_type=\"container\">\n\t\t\t\t\t<div class=\"e-con-inner\">\n\t\t\t\t<div class=\"elementor-element elementor-element-396316d2 elementor-widget elementor-widget-heading\" data-id=\"396316d2\" data-element_type=\"widget\" data-widget_type=\"heading.default\">\n\t\t\t\t<div class=\"elementor-widget-container\">\n\t\t\t\t\t<h1 class=\"elementor-heading-title elementor-size-default\">Roofing equipment \/ Building technique<\/h1>\t\t\t\t<\/div>\n\t\t\t\t<\/div>\n\t\t\t\t<div class=\"elementor-element elementor-element-6235892c elementor-widget elementor-widget-heading\" data-id=\"6235892c\" data-element_type=\"widget\" data-widget_type=\"heading.default\">\n\t\t\t\t<div class=\"elementor-widget-container\">\n\t\t\t\t\t<h2 class=\"elementor-heading-title elementor-size-default\">Handicraft with a long-standing tradition<\/h2>\t\t\t\t<\/div>\n\t\t\t\t<\/div>\n\t\t<div class=\"elementor-element elementor-element-c6fc513 e-flex e-con-boxed e-con e-child\" data-id=\"c6fc513\" data-element_type=\"container\">\n\t\t\t\t\t<div class=\"e-con-inner\">\n\t\t\t\t<div class=\"elementor-element elementor-element-5f1418f9 elementor-widget elementor-widget-text-editor\" data-id=\"5f1418f9\" data-element_type=\"widget\" data-widget_type=\"text-editor.default\">\n\t\t\t\t<div class=\"elementor-widget-container\">\n\t\t\t\t\t\t\t\t\t<p>What began nearly 100 years ago with bitumen pump cookers to meet the needs of roofers is nowadays a comprehensive range of specialised machinery and devices for flat roof construction, roof renovations and the construction sector. Roofing and roof renovation devices, propane welding units, dry burners, soldering torches, hot air welding machines, PU adhesives, accessories, compressed air tools or roof spraying equipment: we deliver state-of-the-art technology that\u2018s practical and user-friendly, manufactured to be high-quality and efficient, allowing craftsmen to work quickly and reliably at all times.<\/p>\t\t\t\t\t\t\t\t<\/div>\n\t\t\t\t<\/div>\n\t\t\t\t\t<\/div>\n\t\t\t\t<\/div>\n\t\t\t\t<div class=\"elementor-element elementor-element-59b01513 elementor-widget elementor-widget-gallery\" data-id=\"59b01513\" data-element_type=\"widget\" data-settings=\"{&quot;gap&quot;:{&quot;unit&quot;:&quot;px&quot;,&quot;size&quot;:51,&quot;sizes&quot;:[]},&quot;lazyload&quot;:&quot;yes&quot;,&quot;gallery_layout&quot;:&quot;grid&quot;,&quot;columns&quot;:4,&quot;columns_tablet&quot;:2,&quot;columns_mobile&quot;:1,&quot;gap_widescreen&quot;:{&quot;unit&quot;:&quot;px&quot;,&quot;size&quot;:&quot;&quot;,&quot;sizes&quot;:[]},&quot;gap_laptop&quot;:{&quot;unit&quot;:&quot;px&quot;,&quot;size&quot;:10,&quot;sizes&quot;:[]},&quot;gap_tablet_extra&quot;:{&quot;unit&quot;:&quot;px&quot;,&quot;size&quot;:10,&quot;sizes&quot;:[]},&quot;gap_tablet&quot;:{&quot;unit&quot;:&quot;px&quot;,&quot;size&quot;:10,&quot;sizes&quot;:[]},&quot;gap_mobile_extra&quot;:{&quot;unit&quot;:&quot;px&quot;,&quot;size&quot;:10,&quot;sizes&quot;:[]},&quot;gap_mobile&quot;:{&quot;unit&quot;:&quot;px&quot;,&quot;size&quot;:10,&quot;sizes&quot;:[]},&quot;link_to&quot;:&quot;file&quot;,&quot;aspect_ratio&quot;:&quot;3:2&quot;,&quot;overlay_background&quot;:&quot;yes&quot;,&quot;content_hover_animation&quot;:&quot;fade-in&quot;}\" data-widget_type=\"gallery.default\">\n\t\t\t\t<div class=\"elementor-widget-container\">\n\t\t\t\t\t\t\t<div class=\"elementor-gallery__container\">\n\t\t\t\t\t<\/div>\n\t\t\t\t\t<\/div>\n\t\t\t\t<\/div>\n\t\t\t\t\t<\/div>\n\t\t\t\t<\/div>\n\t\t<div class=\"elementor-element elementor-element-4662cc37 e-flex e-con-boxed e-con e-parent\" data-id=\"4662cc37\" data-element_type=\"container\">\n\t\t\t\t\t<div class=\"e-con-inner\">\n\t\t<div class=\"elementor-element elementor-element-7570907b e-con-full e-flex e-con e-child\" data-id=\"7570907b\" data-element_type=\"container\" data-settings=\"{&quot;background_background&quot;:&quot;classic&quot;}\">\n\t\t\t\t<div class=\"elementor-element elementor-element-287fe41f elementor-cta--layout-image-right elementor-cta--valign-middle elementor-cta--mobile-layout-image-above elementor-cta--skin-classic elementor-animated-content elementor-widget elementor-widget-call-to-action\" data-id=\"287fe41f\" data-element_type=\"widget\" data-widget_type=\"call-to-action.default\">\n\t\t\t\t<div class=\"elementor-widget-container\">\n\t\t\t\t\t\t\t<a class=\"elementor-cta\" href=\"https:\/\/gruen-gmbh.de\/produkt-kategorie\/dachgeraete-bautechnik\/\">\n\t\t\t\t\t\t\t<div class=\"elementor-cta__content\">\n\t\t\t\t\n\t\t\t\t\t\t\t\t\t<h2 class=\"elementor-cta__title elementor-cta__content-item elementor-content-item\">\n\t\t\t\t\t\tGo to the products\t\t\t\t\t<\/h2>\n\t\t\t\t\n\t\t\t\t\n\t\t\t\t\t\t\t\t\t<div class=\"elementor-cta__button-wrapper elementor-cta__content-item elementor-content-item\">\n\t\t\t\t\t<span class=\"elementor-cta__button elementor-button elementor-size-md\">\n\t\t\t\t\t\tRoofing equipment \/ Building technique\t\t\t\t\t<\/span>\n\t\t\t\t\t<\/div>\n\t\t\t\t\t\t\t<\/div>\n\t\t\t\t\t\t<\/a>\n\t\t\t\t\t\t<\/div>\n\t\t\t\t<\/div>\n\t\t\t\t<\/div>\n\t\t\t\t\t<\/div>\n\t\t\t\t<\/div>\n\t\t<div class=\"elementor-element elementor-element-7b3ab21f e-con-full e-flex e-con e-parent\" data-id=\"7b3ab21f\" data-element_type=\"container\">\n\t\t\t\t<div class=\"elementor-element elementor-element-7237ed11 elementor-widget elementor-widget-heading\" data-id=\"7237ed11\" data-element_type=\"widget\" id=\"servicepartner\" data-widget_type=\"heading.default\">\n\t\t\t\t<div class=\"elementor-widget-container\">\n\t\t\t\t\t<h2 class=\"elementor-heading-title elementor-size-default\">Our service partners<\/h2>\t\t\t\t<\/div>\n\t\t\t\t<\/div>\n\t\t<div class=\"elementor-element elementor-element-6f7ce6e1 e-con-full e-flex e-con e-child\" data-id=\"6f7ce6e1\" data-element_type=\"container\">\n\t\t<div class=\"elementor-element elementor-element-5e2e28d7 e-con-full e-flex e-con e-child\" data-id=\"5e2e28d7\" data-element_type=\"container\">\n\t\t<div class=\"elementor-element elementor-element-6a93685 e-con-full e-flex e-con e-child\" data-id=\"6a93685\" data-element_type=\"container\">\n\t\t\t\t<div class=\"elementor-element elementor-element-d048497 elementor-widget elementor-widget-image\" data-id=\"d048497\" data-element_type=\"widget\" data-widget_type=\"image.default\">\n\t\t\t\t<div class=\"elementor-widget-container\">\n\t\t\t\t\t\t\t\t\t\t\t\t\t\t\t\t<a href=\"https:\/\/burmak.ch\/\">\n\t\t\t\t\t\t\t<img decoding=\"async\" width=\"800\" height=\"173\" src=\"https:\/\/www.gruen-gmbh.de\/wp-content\/uploads\/2024\/07\/burmak-1024x222.webp\" class=\"attachment-large size-large wp-image-493\" alt=\"\" srcset=\"https:\/\/www.gruen-gmbh.de\/wp-content\/uploads\/2024\/07\/burmak-1024x222.webp 1024w, https:\/\/www.gruen-gmbh.de\/wp-content\/uploads\/2024\/07\/burmak-600x130.webp 600w, https:\/\/www.gruen-gmbh.de\/wp-content\/uploads\/2024\/07\/burmak-300x65.webp 300w, https:\/\/www.gruen-gmbh.de\/wp-content\/uploads\/2024\/07\/burmak-768x167.webp 768w, https:\/\/www.gruen-gmbh.de\/wp-content\/uploads\/2024\/07\/burmak-1536x334.webp 1536w, https:\/\/www.gruen-gmbh.de\/wp-content\/uploads\/2024\/07\/burmak.webp 1920w\" sizes=\"(max-width: 800px) 100vw, 800px\" \/>\t\t\t\t\t\t\t\t<\/a>\n\t\t\t\t\t\t\t\t\t\t\t\t\t\t\t<\/div>\n\t\t\t\t<\/div>\n\t\t\t\t<div class=\"elementor-element elementor-element-caea1af elementor-widget elementor-widget-heading\" data-id=\"caea1af\" data-element_type=\"widget\" data-widget_type=\"heading.default\">\n\t\t\t\t<div class=\"elementor-widget-container\">\n\t\t\t\t\t<h4 class=\"elementor-heading-title elementor-size-default\">Burmak AG<\/h4>\t\t\t\t<\/div>\n\t\t\t\t<\/div>\n\t\t\t\t<div class=\"elementor-element elementor-element-651f0ef elementor-widget elementor-widget-text-editor\" data-id=\"651f0ef\" data-element_type=\"widget\" data-widget_type=\"text-editor.default\">\n\t\t\t\t<div class=\"elementor-widget-container\">\n\t\t\t\t\t\t\t\t\t<p><strong>Bergdietikon \u2013 SWITZERLAND<\/strong><br \/>Industriestrasse 40a \u01c0 8962 Bergdietikon \/ SWITZERLAND<\/p><p><strong>Phone<\/strong> +41 (0) 44 740 09 09<br \/><strong>E-Mail:<\/strong> info@burmak.ch<br \/><strong>Website<\/strong>: <a href=\"https:\/\/burmak.ch\/\">www.burmak.ch\/<\/a><\/p>\t\t\t\t\t\t\t\t<\/div>\n\t\t\t\t<\/div>\n\t\t\t\t<\/div>\n\t\t\t\t<\/div>\n\t\t<div class=\"elementor-element elementor-element-f022a4f e-con-full e-flex e-con e-child\" data-id=\"f022a4f\" data-element_type=\"container\">\n\t\t<div class=\"elementor-element elementor-element-e35ce96 e-con-full e-flex e-con e-child\" data-id=\"e35ce96\" data-element_type=\"container\">\n\t\t\t\t<div class=\"elementor-element elementor-element-b1ea851 elementor-widget elementor-widget-image\" data-id=\"b1ea851\" data-element_type=\"widget\" data-widget_type=\"image.default\">\n\t\t\t\t<div class=\"elementor-widget-container\">\n\t\t\t\t\t\t\t\t\t\t\t\t\t\t\t\t<a href=\"http:\/\/www.asphaltequipment.be\">\n\t\t\t\t\t\t\t<img decoding=\"async\" width=\"800\" height=\"173\" src=\"https:\/\/www.gruen-gmbh.de\/wp-content\/uploads\/2024\/07\/Asphalt-1024x222.webp\" class=\"attachment-large size-large wp-image-494\" alt=\"\" srcset=\"https:\/\/www.gruen-gmbh.de\/wp-content\/uploads\/2024\/07\/Asphalt-1024x222.webp 1024w, https:\/\/www.gruen-gmbh.de\/wp-content\/uploads\/2024\/07\/Asphalt-600x130.webp 600w, https:\/\/www.gruen-gmbh.de\/wp-content\/uploads\/2024\/07\/Asphalt-300x65.webp 300w, https:\/\/www.gruen-gmbh.de\/wp-content\/uploads\/2024\/07\/Asphalt-768x167.webp 768w, https:\/\/www.gruen-gmbh.de\/wp-content\/uploads\/2024\/07\/Asphalt-1536x334.webp 1536w, https:\/\/www.gruen-gmbh.de\/wp-content\/uploads\/2024\/07\/Asphalt.webp 1920w\" sizes=\"(max-width: 800px) 100vw, 800px\" \/>\t\t\t\t\t\t\t\t<\/a>\n\t\t\t\t\t\t\t\t\t\t\t\t\t\t\t<\/div>\n\t\t\t\t<\/div>\n\t\t\t\t<div class=\"elementor-element elementor-element-6ca35d4 elementor-widget elementor-widget-heading\" data-id=\"6ca35d4\" data-element_type=\"widget\" data-widget_type=\"heading.default\">\n\t\t\t\t<div class=\"elementor-widget-container\">\n\t\t\t\t\t<h4 class=\"elementor-heading-title elementor-size-default\">Asphalt Equipment<\/h4>\t\t\t\t<\/div>\n\t\t\t\t<\/div>\n\t\t\t\t<div class=\"elementor-element elementor-element-958dc32 elementor-widget elementor-widget-text-editor\" data-id=\"958dc32\" data-element_type=\"widget\" data-widget_type=\"text-editor.default\">\n\t\t\t\t<div class=\"elementor-widget-container\">\n\t\t\t\t\t\t\t\t\t<p><strong>Deinze - BELGIUM<\/strong><br \/>E3-laan 37 \u01c0 9800 Deinze \/ BELGIUM<\/p><p><strong>Phone<\/strong>: +32 (0) 9 386 42 21<br \/><strong>Fax<\/strong>: +32 (0) 9 386 90 94<br \/><strong>Email<\/strong>: info@asphaltequipment.be<br \/><strong>Website<\/strong>:<a class=\"ql-link\" href=\"https:\/\/www.asphaltequipment.be\/\" target=\"_blank\" rel=\"noopener noreferrer\"> www.asphaltequipment.be<\/a><\/p>\t\t\t\t\t\t\t\t<\/div>\n\t\t\t\t<\/div>\n\t\t\t\t<\/div>\n\t\t\t\t<\/div>\n\t\t<div class=\"elementor-element elementor-element-eef21e6 e-con-full e-flex e-con e-child\" data-id=\"eef21e6\" data-element_type=\"container\">\n\t\t<div class=\"elementor-element elementor-element-202dd46 e-con-full e-flex e-con e-child\" data-id=\"202dd46\" data-element_type=\"container\">\n\t\t\t\t<div class=\"elementor-element elementor-element-30c4a05 elementor-widget elementor-widget-image\" data-id=\"30c4a05\" data-element_type=\"widget\" data-widget_type=\"image.default\">\n\t\t\t\t<div class=\"elementor-widget-container\">\n\t\t\t\t\t\t\t\t\t\t\t\t\t\t\t\t<a href=\"http:\/\/www.deg-sued.de\">\n\t\t\t\t\t\t\t<img loading=\"lazy\" decoding=\"async\" width=\"467\" height=\"337\" src=\"https:\/\/www.gruen-gmbh.de\/wp-content\/uploads\/2024\/07\/deg_sued_logo.webp\" class=\"attachment-large size-large wp-image-492\" alt=\"\" srcset=\"https:\/\/www.gruen-gmbh.de\/wp-content\/uploads\/2024\/07\/deg_sued_logo.webp 467w, https:\/\/www.gruen-gmbh.de\/wp-content\/uploads\/2024\/07\/deg_sued_logo-300x216.webp 300w\" sizes=\"(max-width: 467px) 100vw, 467px\" \/>\t\t\t\t\t\t\t\t<\/a>\n\t\t\t\t\t\t\t\t\t\t\t\t\t\t\t<\/div>\n\t\t\t\t<\/div>\n\t\t\t\t<div class=\"elementor-element elementor-element-a01e6a7 elementor-widget elementor-widget-heading\" data-id=\"a01e6a7\" data-element_type=\"widget\" data-widget_type=\"heading.default\">\n\t\t\t\t<div class=\"elementor-widget-container\">\n\t\t\t\t\t<h4 class=\"elementor-heading-title elementor-size-default\">Dachdecker-Einkauf S\u00fcd eG<\/h4>\t\t\t\t<\/div>\n\t\t\t\t<\/div>\n\t\t\t\t<div class=\"elementor-element elementor-element-e8a1ef6 elementor-widget elementor-widget-text-editor\" data-id=\"e8a1ef6\" data-element_type=\"widget\" data-widget_type=\"text-editor.default\">\n\t\t\t\t<div class=\"elementor-widget-container\">\n\t\t\t\t\t\t\t\t\t<p><strong>Mannheim branch office<\/strong><br \/>Saarburger Ring 25-29 \u01c0 68229 Mannheim<\/p><p><strong>Contact person:<\/strong> Herr Thomas Pliatsikos<br \/><strong>Phone<\/strong> +49 (0) 621 47097-54<br \/><strong>Fax:<\/strong> +49 (0) 621 47097-92<br \/><strong>E-Mail:<\/strong> werkstatt.mannheim@deg-sued.de<br \/><strong>Website:<\/strong> <a class=\"ql-link\" href=\"https:\/\/www.deg-sued.de\/\" target=\"_blank\" rel=\"noopener noreferrer\">www.deg-sued.de<\/a><\/p>\t\t\t\t\t\t\t\t<\/div>\n\t\t\t\t<\/div>\n\t\t\t\t<\/div>\n\t\t\t\t<\/div>\n\t\t\t\t<\/div>\n\t\t<div class=\"elementor-element elementor-element-2f9be82 e-con-full e-flex e-con e-child\" data-id=\"2f9be82\" data-element_type=\"container\">\n\t\t<div class=\"elementor-element elementor-element-516827c e-con-full e-flex e-con e-child\" data-id=\"516827c\" data-element_type=\"container\">\n\t\t<div class=\"elementor-element elementor-element-0a4a3ee e-con-full e-flex e-con e-child\" data-id=\"0a4a3ee\" data-element_type=\"container\">\n\t\t\t\t<div class=\"elementor-element elementor-element-13dd249 elementor-widget elementor-widget-image\" data-id=\"13dd249\" data-element_type=\"widget\" data-widget_type=\"image.default\">\n\t\t\t\t<div class=\"elementor-widget-container\">\n\t\t\t\t\t\t\t\t\t\t\t\t\t\t\t\t<a href=\"http:\/\/www.deg-sued.de\/\">\n\t\t\t\t\t\t\t<img loading=\"lazy\" decoding=\"async\" width=\"467\" height=\"337\" src=\"https:\/\/www.gruen-gmbh.de\/wp-content\/uploads\/2024\/07\/deg_sued_logo.webp\" class=\"attachment-large size-large wp-image-492\" alt=\"\" srcset=\"https:\/\/www.gruen-gmbh.de\/wp-content\/uploads\/2024\/07\/deg_sued_logo.webp 467w, https:\/\/www.gruen-gmbh.de\/wp-content\/uploads\/2024\/07\/deg_sued_logo-300x216.webp 300w\" sizes=\"(max-width: 467px) 100vw, 467px\" \/>\t\t\t\t\t\t\t\t<\/a>\n\t\t\t\t\t\t\t\t\t\t\t\t\t\t\t<\/div>\n\t\t\t\t<\/div>\n\t\t\t\t<div class=\"elementor-element elementor-element-d2e8019 elementor-widget elementor-widget-heading\" data-id=\"d2e8019\" data-element_type=\"widget\" data-widget_type=\"heading.default\">\n\t\t\t\t<div class=\"elementor-widget-container\">\n\t\t\t\t\t<h4 class=\"elementor-heading-title elementor-size-default\">Dachdecker-Einkauf S\u00fcd eG<\/h4>\t\t\t\t<\/div>\n\t\t\t\t<\/div>\n\t\t\t\t<div class=\"elementor-element elementor-element-aa9428d elementor-widget elementor-widget-text-editor\" data-id=\"aa9428d\" data-element_type=\"widget\" data-widget_type=\"text-editor.default\">\n\t\t\t\t<div class=\"elementor-widget-container\">\n\t\t\t\t\t\t\t\t\t<p><strong>Dietzenbach branch office<\/strong><br \/>Robert-Bosch-Stra\u00dfe 16 \u01c0 63128 Dietzenbach<\/p><p><strong>Contact person:<\/strong> Herr C. K\u00fcthe<br \/><strong>Phone<\/strong> +49 (0) 6074 802-153<br \/><strong>Fax:<\/strong> +49 (0) 6074 802 88-153<br \/><strong>E-Mail:<\/strong> christian.kuethe@deg-sued.de<br \/><strong>Website:<\/strong> <a class=\"ql-link\" href=\"https:\/\/www.deg-sued.de\/\" target=\"_blank\" rel=\"noopener noreferrer\">www.deg-sued.de<\/a><\/p>\t\t\t\t\t\t\t\t<\/div>\n\t\t\t\t<\/div>\n\t\t\t\t<\/div>\n\t\t\t\t<\/div>\n\t\t<div class=\"elementor-element elementor-element-d241ff5 e-con-full e-flex e-con e-child\" data-id=\"d241ff5\" data-element_type=\"container\">\n\t\t<div class=\"elementor-element elementor-element-7736a41 e-con-full e-flex e-con e-child\" data-id=\"7736a41\" data-element_type=\"container\">\n\t\t\t\t<div class=\"elementor-element elementor-element-4d0a83d elementor-widget elementor-widget-image\" data-id=\"4d0a83d\" data-element_type=\"widget\" data-widget_type=\"image.default\">\n\t\t\t\t<div class=\"elementor-widget-container\">\n\t\t\t\t\t\t\t\t\t\t\t\t\t\t\t\t<a href=\"http:\/\/www.deg-dach.de\">\n\t\t\t\t\t\t\t<img loading=\"lazy\" decoding=\"async\" width=\"237\" height=\"122\" src=\"https:\/\/www.gruen-gmbh.de\/wp-content\/uploads\/2024\/07\/DEG_Koblenz_Logo.webp\" class=\"attachment-full size-full wp-image-491\" alt=\"\" \/>\t\t\t\t\t\t\t\t<\/a>\n\t\t\t\t\t\t\t\t\t\t\t\t\t\t\t<\/div>\n\t\t\t\t<\/div>\n\t\t\t\t<div class=\"elementor-element elementor-element-d5815fd elementor-widget elementor-widget-heading\" data-id=\"d5815fd\" data-element_type=\"widget\" data-widget_type=\"heading.default\">\n\t\t\t\t<div class=\"elementor-widget-container\">\n\t\t\t\t\t<h4 class=\"elementor-heading-title elementor-size-default\">DEG Alles f\u00fcr das Dach eG<\/h4>\t\t\t\t<\/div>\n\t\t\t\t<\/div>\n\t\t\t\t<div class=\"elementor-element elementor-element-2fd5cb6 elementor-widget elementor-widget-text-editor\" data-id=\"2fd5cb6\" data-element_type=\"widget\" data-widget_type=\"text-editor.default\">\n\t\t\t\t<div class=\"elementor-widget-container\">\n\t\t\t\t\t\t\t\t\t<div><strong>DEG Technik<\/strong><\/div><div>August-Horch-Stra\u00dfe 16 \u01c0 56070 Koblenz<\/div><div>\u00a0<\/div><div><strong>Contact person:<\/strong> Herr W. Meyer<\/div><div><strong>Phone<\/strong> +49 (0) 261 80 808-209<\/div><div><strong>Mobil:<\/strong> +49 (0) 152 56 405 452<\/div><div><strong>E-Mail:<\/strong> WMeyer@deg-dach.de<\/div><div><strong>Website<\/strong>: <a class=\"ql-link\" href=\"https:\/\/www.deg-dach.de\/\" target=\"_blank\" rel=\"noopener noreferrer\">www.deg-dach.de<\/a><\/div>\t\t\t\t\t\t\t\t<\/div>\n\t\t\t\t<\/div>\n\t\t\t\t<\/div>\n\t\t\t\t<\/div>\n\t\t<div class=\"elementor-element elementor-element-8a22cae e-con-full e-flex e-con e-child\" data-id=\"8a22cae\" data-element_type=\"container\">\n\t\t<div class=\"elementor-element elementor-element-a400dac e-con-full e-flex e-con e-child\" data-id=\"a400dac\" data-element_type=\"container\">\n\t\t\t\t<div class=\"elementor-element elementor-element-0100497 elementor-widget elementor-widget-image\" data-id=\"0100497\" data-element_type=\"widget\" data-widget_type=\"image.default\">\n\t\t\t\t<div class=\"elementor-widget-container\">\n\t\t\t\t\t\t\t\t\t\t\t\t\t\t\t\t<a href=\"http:\/\/www.deg-dach.de\">\n\t\t\t\t\t\t\t<img loading=\"lazy\" decoding=\"async\" width=\"237\" height=\"122\" src=\"https:\/\/www.gruen-gmbh.de\/wp-content\/uploads\/2024\/07\/DEG_Koblenz_Logo.webp\" class=\"attachment-full size-full wp-image-491\" alt=\"\" \/>\t\t\t\t\t\t\t\t<\/a>\n\t\t\t\t\t\t\t\t\t\t\t\t\t\t\t<\/div>\n\t\t\t\t<\/div>\n\t\t\t\t<div class=\"elementor-element elementor-element-f1f3693 elementor-widget elementor-widget-heading\" data-id=\"f1f3693\" data-element_type=\"widget\" data-widget_type=\"heading.default\">\n\t\t\t\t<div class=\"elementor-widget-container\">\n\t\t\t\t\t<h4 class=\"elementor-heading-title elementor-size-default\">DEG Alles f\u00fcr das Dach eG<\/h4>\t\t\t\t<\/div>\n\t\t\t\t<\/div>\n\t\t\t\t<div class=\"elementor-element elementor-element-ac95db2 elementor-widget elementor-widget-text-editor\" data-id=\"ac95db2\" data-element_type=\"widget\" data-widget_type=\"text-editor.default\">\n\t\t\t\t<div class=\"elementor-widget-container\">\n\t\t\t\t\t\t\t\t\t<div><strong>DEG Technik<\/strong><\/div><div>Wagrierstra\u00dfe 9\u00a0<br \/>\u01c0 24539 Neum\u00fcnster<\/div><div>\u00a0<\/div><div><strong>Contact person:<\/strong> Herr Maurice Schollmeyer<\/div><div><strong>Phone<\/strong> +49 (0) 261 80808-211<\/div><div><strong>E-Mail:<\/strong> MSchollmeyer@deg-dach.de<\/div><div><strong>Website<\/strong>: <a class=\"ql-link\" href=\"https:\/\/www.deg-dach.de\/\" target=\"_blank\" rel=\"noopener noreferrer\">www.deg-dach.de<\/a><\/div>\t\t\t\t\t\t\t\t<\/div>\n\t\t\t\t<\/div>\n\t\t\t\t<\/div>\n\t\t\t\t<\/div>\n\t\t\t\t<\/div>\n\t\t<div class=\"elementor-element elementor-element-cf47f82 e-con-full e-flex e-con e-child\" data-id=\"cf47f82\" data-element_type=\"container\">\n\t\t<div class=\"elementor-element elementor-element-52d1c2f e-con-full e-flex e-con e-child\" data-id=\"52d1c2f\" data-element_type=\"container\">\n\t\t<div class=\"elementor-element elementor-element-d04c9a9 e-con-full e-flex e-con e-child\" data-id=\"d04c9a9\" data-element_type=\"container\">\n\t\t<div class=\"elementor-element elementor-element-7fb00a7 e-con-full e-flex e-con e-child\" data-id=\"7fb00a7\" data-element_type=\"container\">\n\t\t\t\t<div class=\"elementor-element elementor-element-5b139b0 elementor-widget elementor-widget-image\" data-id=\"5b139b0\" data-element_type=\"widget\" data-widget_type=\"image.default\">\n\t\t\t\t<div class=\"elementor-widget-container\">\n\t\t\t\t\t\t\t\t\t\t\t\t\t\t\t\t<a href=\"https:\/\/dex-eg.de\/%20\">\n\t\t\t\t\t\t\t<img loading=\"lazy\" decoding=\"async\" width=\"3508\" height=\"842\" src=\"https:\/\/www.gruen-gmbh.de\/wp-content\/uploads\/2025\/02\/dex_logo_rot-e1763106528509.png\" class=\"attachment-full size-full wp-image-42015\" alt=\"\" srcset=\"https:\/\/www.gruen-gmbh.de\/wp-content\/uploads\/2025\/02\/dex_logo_rot-e1763106528509.png 3508w, https:\/\/www.gruen-gmbh.de\/wp-content\/uploads\/2025\/02\/dex_logo_rot-e1763106528509-600x144.png 600w, https:\/\/www.gruen-gmbh.de\/wp-content\/uploads\/2025\/02\/dex_logo_rot-e1763106528509-300x72.png 300w, https:\/\/www.gruen-gmbh.de\/wp-content\/uploads\/2025\/02\/dex_logo_rot-e1763106528509-1024x246.png 1024w, https:\/\/www.gruen-gmbh.de\/wp-content\/uploads\/2025\/02\/dex_logo_rot-e1763106528509-768x184.png 768w, https:\/\/www.gruen-gmbh.de\/wp-content\/uploads\/2025\/02\/dex_logo_rot-e1763106528509-1536x369.png 1536w, https:\/\/www.gruen-gmbh.de\/wp-content\/uploads\/2025\/02\/dex_logo_rot-e1763106528509-2048x492.png 2048w, https:\/\/www.gruen-gmbh.de\/wp-content\/uploads\/2025\/02\/dex_logo_rot-e1763106528509-18x4.png 18w\" sizes=\"(max-width: 3508px) 100vw, 3508px\" \/>\t\t\t\t\t\t\t\t<\/a>\n\t\t\t\t\t\t\t\t\t\t\t\t\t\t\t<\/div>\n\t\t\t\t<\/div>\n\t\t\t\t<div class=\"elementor-element elementor-element-1347ab2 elementor-widget elementor-widget-heading\" data-id=\"1347ab2\" data-element_type=\"widget\" data-widget_type=\"heading.default\">\n\t\t\t\t<div class=\"elementor-widget-container\">\n\t\t\t\t\t<h4 class=\"elementor-heading-title elementor-size-default\">DEX eG<\/h4>\t\t\t\t<\/div>\n\t\t\t\t<\/div>\n\t\t\t\t<div class=\"elementor-element elementor-element-5029fff elementor-widget elementor-widget-text-editor\" data-id=\"5029fff\" data-element_type=\"widget\" data-widget_type=\"text-editor.default\">\n\t\t\t\t<div class=\"elementor-widget-container\">\n\t\t\t\t\t\t\t\t\t<div><b>Weyhe branch office<\/b><\/div><div>Mittelwendung 2 \u01c0 28844 Weyhe<\/div><div>\u00a0<\/div><div><div><strong>Contact person:<\/strong> Frau Romina Oetken<\/div><\/div><div><strong>Phone<\/strong>: +49 (0) 4203 42 166<\/div><div><strong>Fax<\/strong>: +49 (0) 4203 5017<\/div><div><strong>Email<\/strong>: <a href=\"mailto:romina.oetken@dex-eg.de\">romina.oetken@dex-eg.de<\/a><\/div><div><strong>Website<\/strong>: <a href=\"http:\/\/www.dex-eg.de\">www.dex-eg.de<\/a><\/div>\t\t\t\t\t\t\t\t<\/div>\n\t\t\t\t<\/div>\n\t\t\t\t<\/div>\n\t\t\t\t<\/div>\n\t\t\t\t<\/div>\n\t\t<div class=\"elementor-element elementor-element-73a61c6 e-con-full e-flex e-con e-child\" data-id=\"73a61c6\" data-element_type=\"container\">\n\t\t<div class=\"elementor-element elementor-element-de9f808 e-con-full e-flex e-con e-child\" data-id=\"de9f808\" data-element_type=\"container\">\n\t\t\t\t<div class=\"elementor-element elementor-element-ce2d2e8 elementor-widget elementor-widget-image\" data-id=\"ce2d2e8\" data-element_type=\"widget\" data-widget_type=\"image.default\">\n\t\t\t\t<div class=\"elementor-widget-container\">\n\t\t\t\t\t\t\t\t\t\t\t\t\t\t\t\t<a href=\"https:\/\/www.groeger-bauaufzuege.de\/\">\n\t\t\t\t\t\t\t<img loading=\"lazy\" decoding=\"async\" width=\"800\" height=\"173\" src=\"https:\/\/www.gruen-gmbh.de\/wp-content\/uploads\/2024\/07\/groeger_logo_rgb_vektor-1024x222.webp\" class=\"attachment-large size-large wp-image-489\" alt=\"\" srcset=\"https:\/\/www.gruen-gmbh.de\/wp-content\/uploads\/2024\/07\/groeger_logo_rgb_vektor-1024x222.webp 1024w, https:\/\/www.gruen-gmbh.de\/wp-content\/uploads\/2024\/07\/groeger_logo_rgb_vektor-600x130.webp 600w, https:\/\/www.gruen-gmbh.de\/wp-content\/uploads\/2024\/07\/groeger_logo_rgb_vektor-300x65.webp 300w, https:\/\/www.gruen-gmbh.de\/wp-content\/uploads\/2024\/07\/groeger_logo_rgb_vektor-768x167.webp 768w, https:\/\/www.gruen-gmbh.de\/wp-content\/uploads\/2024\/07\/groeger_logo_rgb_vektor-1536x334.webp 1536w, https:\/\/www.gruen-gmbh.de\/wp-content\/uploads\/2024\/07\/groeger_logo_rgb_vektor.webp 1920w\" sizes=\"(max-width: 800px) 100vw, 800px\" \/>\t\t\t\t\t\t\t\t<\/a>\n\t\t\t\t\t\t\t\t\t\t\t\t\t\t\t<\/div>\n\t\t\t\t<\/div>\n\t\t\t\t<div class=\"elementor-element elementor-element-390f751 elementor-widget elementor-widget-heading\" data-id=\"390f751\" data-element_type=\"widget\" data-widget_type=\"heading.default\">\n\t\t\t\t<div class=\"elementor-widget-container\">\n\t\t\t\t\t<h4 class=\"elementor-heading-title elementor-size-default\">GROEGER Bauaufz\u00fcge und Hebetechnik GmbH\n\n<\/h4>\t\t\t\t<\/div>\n\t\t\t\t<\/div>\n\t\t\t\t<div class=\"elementor-element elementor-element-39520c0 elementor-widget elementor-widget-text-editor\" data-id=\"39520c0\" data-element_type=\"widget\" data-widget_type=\"text-editor.default\">\n\t\t\t\t<div class=\"elementor-widget-container\">\n\t\t\t\t\t\t\t\t\t<div><strong>Fredersdorf-Vogelsdorf<\/strong><\/div><div>Industriestrasse 5 \u01c0 15370 Fredersdorf-Vogelsdorf<\/div><div>\u00a0<\/div><div><strong>Contact person:<\/strong> Herr Andreas Berger<\/div><div><strong>Phone<\/strong> +49 (0) 30\u00a0 39 82 03 430<\/div><div><strong>Fax:<\/strong> +49 (0) 30 398 20 34 39<\/div><div><strong>E-Mail:<\/strong> <a href=\"_wp_link_placeholder\" data-wplink-edit=\"true\">berger@groeger-bauaufzuege.de<\/a><\/div><div><strong>Website<\/strong>: <a class=\"ql-link\" style=\"font-family: var( --e-global-typography-text-font-family ), Sans-serif; text-align: var(--text-align); font-size: 1rem;\" href=\"https:\/\/www.groeger-bauaufzuege.de\/\" target=\"_blank\" rel=\"noopener noreferrer\">www.groeger-bauaufzuege.de\/<\/a><\/div>\t\t\t\t\t\t\t\t<\/div>\n\t\t\t\t<\/div>\n\t\t\t\t<\/div>\n\t\t\t\t<\/div>\n\t\t<div class=\"elementor-element elementor-element-b2512c3 e-con-full e-flex e-con e-child\" data-id=\"b2512c3\" data-element_type=\"container\">\n\t\t<div class=\"elementor-element elementor-element-9bdcda4 e-con-full e-flex e-con e-child\" data-id=\"9bdcda4\" data-element_type=\"container\">\n\t\t\t\t<div class=\"elementor-element elementor-element-2bf5c67 elementor-widget elementor-widget-image\" data-id=\"2bf5c67\" data-element_type=\"widget\" data-widget_type=\"image.default\">\n\t\t\t\t<div class=\"elementor-widget-container\">\n\t\t\t\t\t\t\t\t\t\t\t\t\t\t\t\t<a href=\"http:\/\/www.rosa-moser.at\/\">\n\t\t\t\t\t\t\t<img loading=\"lazy\" decoding=\"async\" width=\"800\" height=\"165\" src=\"https:\/\/www.gruen-gmbh.de\/wp-content\/uploads\/2024\/07\/RoMo_LogoGruen-1024x211.webp\" class=\"attachment-large size-large wp-image-488\" alt=\"\" srcset=\"https:\/\/www.gruen-gmbh.de\/wp-content\/uploads\/2024\/07\/RoMo_LogoGruen-1024x211.webp 1024w, https:\/\/www.gruen-gmbh.de\/wp-content\/uploads\/2024\/07\/RoMo_LogoGruen-600x123.webp 600w, https:\/\/www.gruen-gmbh.de\/wp-content\/uploads\/2024\/07\/RoMo_LogoGruen-300x62.webp 300w, https:\/\/www.gruen-gmbh.de\/wp-content\/uploads\/2024\/07\/RoMo_LogoGruen-768x158.webp 768w, https:\/\/www.gruen-gmbh.de\/wp-content\/uploads\/2024\/07\/RoMo_LogoGruen-1536x316.webp 1536w, https:\/\/www.gruen-gmbh.de\/wp-content\/uploads\/2024\/07\/RoMo_LogoGruen-2048x421.png 2048w, https:\/\/www.gruen-gmbh.de\/wp-content\/uploads\/2024\/07\/RoMo_LogoGruen.webp 1920w\" sizes=\"(max-width: 800px) 100vw, 800px\" \/>\t\t\t\t\t\t\t\t<\/a>\n\t\t\t\t\t\t\t\t\t\t\t\t\t\t\t<\/div>\n\t\t\t\t<\/div>\n\t\t\t\t<div class=\"elementor-element elementor-element-5e61f36 elementor-widget elementor-widget-heading\" data-id=\"5e61f36\" data-element_type=\"widget\" data-widget_type=\"heading.default\">\n\t\t\t\t<div class=\"elementor-widget-container\">\n\t\t\t\t\t<h4 class=\"elementor-heading-title elementor-size-default\">Rosa Moser Ges.m.b.H.<\/h4>\t\t\t\t<\/div>\n\t\t\t\t<\/div>\n\t\t\t\t<div class=\"elementor-element elementor-element-779f61d elementor-widget elementor-widget-text-editor\" data-id=\"779f61d\" data-element_type=\"widget\" data-widget_type=\"text-editor.default\">\n\t\t\t\t<div class=\"elementor-widget-container\">\n\t\t\t\t\t\t\t\t\t<div><strong>Vienna - AUSTRIA<\/strong><\/div><div>Edelsinnstr. 5a \u01c0 1120 Vienna - AUSTRIA<\/div><div>\u00a0<\/div><div><strong>Phone<\/strong> +43 (0) 1 8132626 211<\/div><div><strong>Fax:<\/strong> +43 (0) 1 8154232<\/div><div><strong>E-Mail:<\/strong> rosa@rosa-moser.at<\/div><div><strong>Website<\/strong>: <a class=\"ql-link\" href=\"https:\/\/www.rosa-moser.at\/\" target=\"_blank\" rel=\"noopener noreferrer\">www.rosa-moser.at\/<\/a><\/div>\t\t\t\t\t\t\t\t<\/div>\n\t\t\t\t<\/div>\n\t\t\t\t<\/div>\n\t\t\t\t<\/div>\n\t\t\t\t<\/div>\n\t\t<div class=\"elementor-element elementor-element-58aced0 e-con-full e-flex e-con e-child\" data-id=\"58aced0\" data-element_type=\"container\">\n\t\t<div class=\"elementor-element elementor-element-ef1f347 e-con-full e-flex e-con e-child\" data-id=\"ef1f347\" data-element_type=\"container\">\n\t\t<div class=\"elementor-element elementor-element-f22ac3f e-con-full e-flex e-con e-child\" data-id=\"f22ac3f\" data-element_type=\"container\">\n\t\t<div class=\"elementor-element elementor-element-be5709f e-con-full e-flex e-con e-child\" data-id=\"be5709f\" data-element_type=\"container\">\n\t\t\t\t<div class=\"elementor-element elementor-element-736db7f elementor-widget elementor-widget-image\" data-id=\"736db7f\" data-element_type=\"widget\" data-widget_type=\"image.default\">\n\t\t\t\t<div class=\"elementor-widget-container\">\n\t\t\t\t\t\t\t\t\t\t\t\t\t\t\t\t<a href=\"http:\/\/www.vlutters.nl\/\">\n\t\t\t\t\t\t\t<img loading=\"lazy\" decoding=\"async\" width=\"398\" height=\"98\" src=\"https:\/\/www.gruen-gmbh.de\/wp-content\/uploads\/2024\/07\/logo_vlutters-2.webp\" class=\"attachment-large size-large wp-image-507\" alt=\"\" srcset=\"https:\/\/www.gruen-gmbh.de\/wp-content\/uploads\/2024\/07\/logo_vlutters-2.webp 398w, https:\/\/www.gruen-gmbh.de\/wp-content\/uploads\/2024\/07\/logo_vlutters-2-300x74.webp 300w\" sizes=\"(max-width: 398px) 100vw, 398px\" \/>\t\t\t\t\t\t\t\t<\/a>\n\t\t\t\t\t\t\t\t\t\t\t\t\t\t\t<\/div>\n\t\t\t\t<\/div>\n\t\t\t\t<div class=\"elementor-element elementor-element-36c873c elementor-widget elementor-widget-heading\" data-id=\"36c873c\" data-element_type=\"widget\" data-widget_type=\"heading.default\">\n\t\t\t\t<div class=\"elementor-widget-container\">\n\t\t\t\t\t<h4 class=\"elementor-heading-title elementor-size-default\">Vlutters Tools &amp; Safety<\/h4>\t\t\t\t<\/div>\n\t\t\t\t<\/div>\n\t\t\t\t<div class=\"elementor-element elementor-element-c0192cc elementor-widget elementor-widget-text-editor\" data-id=\"c0192cc\" data-element_type=\"widget\" data-widget_type=\"text-editor.default\">\n\t\t\t\t<div class=\"elementor-widget-container\">\n\t\t\t\t\t\t\t\t\t<div><strong>Oldenzaal - NETHERLANDS<\/strong><\/div><div>Hamburgstraat 15 \u01c0 7575 EG Oldenzaal \/ \n NETHERLANDS<\/div><div>\u00a0<\/div><div><strong>Phone<\/strong> +31 (0) 541 57 30 00<\/div><div><strong>E-Mail:<\/strong> info@vlutters.nl<\/div><div><strong>Website<\/strong>: <a class=\"ql-link\" href=\"https:\/\/www.vlutters.nl\/\" target=\"_blank\" rel=\"noopener noreferrer\">www.vlutters.nl\/<\/a><\/div>\t\t\t\t\t\t\t\t<\/div>\n\t\t\t\t<\/div>\n\t\t\t\t<\/div>\n\t\t\t\t<\/div>\n\t\t\t\t<\/div>\n\t\t<div class=\"elementor-element elementor-element-bd769df e-con-full e-flex e-con e-child\" data-id=\"bd769df\" data-element_type=\"container\">\n\t\t<div class=\"elementor-element elementor-element-508421e e-con-full e-flex e-con e-child\" data-id=\"508421e\" data-element_type=\"container\">\n\t\t\t\t<div class=\"elementor-element elementor-element-173d4d8 elementor-widget elementor-widget-image\" data-id=\"173d4d8\" data-element_type=\"widget\" data-widget_type=\"image.default\">\n\t\t\t\t<div class=\"elementor-widget-container\">\n\t\t\t\t\t\t\t\t\t\t\t\t\t\t\t\t<a href=\"https:\/\/www.groeger-bauaufzuege.de\/\">\n\t\t\t\t\t\t\t<img loading=\"lazy\" decoding=\"async\" width=\"800\" height=\"229\" src=\"https:\/\/www.gruen-gmbh.de\/wp-content\/uploads\/2025\/11\/LogoGEBRMAYERBautechnik.png\" class=\"attachment-large size-large wp-image-43811\" alt=\"\" srcset=\"https:\/\/www.gruen-gmbh.de\/wp-content\/uploads\/2025\/11\/LogoGEBRMAYERBautechnik.png 840w, https:\/\/www.gruen-gmbh.de\/wp-content\/uploads\/2025\/11\/LogoGEBRMAYERBautechnik-300x86.png 300w, https:\/\/www.gruen-gmbh.de\/wp-content\/uploads\/2025\/11\/LogoGEBRMAYERBautechnik-768x219.png 768w, https:\/\/www.gruen-gmbh.de\/wp-content\/uploads\/2025\/11\/LogoGEBRMAYERBautechnik-18x5.png 18w, https:\/\/www.gruen-gmbh.de\/wp-content\/uploads\/2025\/11\/LogoGEBRMAYERBautechnik-600x171.png 600w\" sizes=\"(max-width: 800px) 100vw, 800px\" \/>\t\t\t\t\t\t\t\t<\/a>\n\t\t\t\t\t\t\t\t\t\t\t\t\t\t\t<\/div>\n\t\t\t\t<\/div>\n\t\t\t\t<div class=\"elementor-element elementor-element-33fdfdc elementor-widget elementor-widget-heading\" data-id=\"33fdfdc\" data-element_type=\"widget\" data-widget_type=\"heading.default\">\n\t\t\t\t<div class=\"elementor-widget-container\">\n\t\t\t\t\t<h4 class=\"elementor-heading-title elementor-size-default\">Gebr. Mayer GmbH + Co. KG\n\n<\/h4>\t\t\t\t<\/div>\n\t\t\t\t<\/div>\n\t\t\t\t<div class=\"elementor-element elementor-element-df1fd9f elementor-widget elementor-widget-text-editor\" data-id=\"df1fd9f\" data-element_type=\"widget\" data-widget_type=\"text-editor.default\">\n\t\t\t\t<div class=\"elementor-widget-container\">\n\t\t\t\t\t\t\t\t\t<div><strong>Baumaschinen \u2219 Bauger\u00e4te<\/strong><\/div><div>Johann-Zumpe-Stra\u00dfe 11 \u01c0 90763 F\u00fcrth<\/div><div>\u00a0<\/div><div><strong>Contact person:<\/strong> Torsten G\u00f6ller<\/div><div><strong>Phone<\/strong> +49 (0) 911 78 709 &#8211; 83<\/div><div><strong>E-Mail:<\/strong> <a href=\"_wp_link_placeholder\" data-wplink-edit=\"true\">tg@mayer-bautechnik.com<\/a><\/div><div><strong>Website<\/strong>: <a href=\"http:\/\/www.gebrmayer.de\">www.gebrmayer.de<\/a><\/div>\t\t\t\t\t\t\t\t<\/div>\n\t\t\t\t<\/div>\n\t\t\t\t<\/div>\n\t\t\t\t<\/div>\n\t\t<div class=\"elementor-element elementor-element-137c9d0 e-con-full e-flex e-con e-child\" data-id=\"137c9d0\" data-element_type=\"container\">\n\t\t<div class=\"elementor-element elementor-element-6fb070e e-con-full e-flex e-con e-child\" data-id=\"6fb070e\" data-element_type=\"container\">\n\t\t\t\t<div class=\"elementor-element elementor-element-d6bf7f8 elementor-widget elementor-widget-image\" data-id=\"d6bf7f8\" data-element_type=\"widget\" data-widget_type=\"image.default\">\n\t\t\t\t<div class=\"elementor-widget-container\">\n\t\t\t\t\t\t\t\t\t\t\t\t\t\t\t\t<a href=\"http:\/\/www.wiedmann-baustoffe.com\/\">\n\t\t\t\t\t\t\t<img loading=\"lazy\" decoding=\"async\" width=\"636\" height=\"296\" src=\"https:\/\/www.gruen-gmbh.de\/wp-content\/uploads\/2026\/02\/Logo_GW.png\" class=\"attachment-large size-large wp-image-44159\" alt=\"\" srcset=\"https:\/\/www.gruen-gmbh.de\/wp-content\/uploads\/2026\/02\/Logo_GW.png 636w, https:\/\/www.gruen-gmbh.de\/wp-content\/uploads\/2026\/02\/Logo_GW-300x140.png 300w, https:\/\/www.gruen-gmbh.de\/wp-content\/uploads\/2026\/02\/Logo_GW-18x8.png 18w, https:\/\/www.gruen-gmbh.de\/wp-content\/uploads\/2026\/02\/Logo_GW-600x279.png 600w\" sizes=\"(max-width: 636px) 100vw, 636px\" \/>\t\t\t\t\t\t\t\t<\/a>\n\t\t\t\t\t\t\t\t\t\t\t\t\t\t\t<\/div>\n\t\t\t\t<\/div>\n\t\t\t\t<div class=\"elementor-element elementor-element-01cfce2 elementor-widget elementor-widget-heading\" data-id=\"01cfce2\" data-element_type=\"widget\" data-widget_type=\"heading.default\">\n\t\t\t\t<div class=\"elementor-widget-container\">\n\t\t\t\t\t<h4 class=\"elementor-heading-title elementor-size-default\">Gottfried Wiedmann GmbH<\/h4>\t\t\t\t<\/div>\n\t\t\t\t<\/div>\n\t\t\t\t<div class=\"elementor-element elementor-element-62e21da elementor-widget elementor-widget-text-editor\" data-id=\"62e21da\" data-element_type=\"widget\" data-widget_type=\"text-editor.default\">\n\t\t\t\t<div class=\"elementor-widget-container\">\n\t\t\t\t\t\t\t\t\t<div><p><strong>Standort Urbach<\/strong><br \/>Wasenstr. 25 | 73660 Urbach<\/p><\/div><div><strong>Phone <\/strong>+ 49 (0)7181 \/ 98586-600<\/div><div><strong>E-Mail: <\/strong><a href=\"mailto:urbach@wiedmann-baustoffe.com\">urbach@wiedmann-baustoffe.com<\/a><\/div><div><strong>Website<\/strong>: <a href=\"http:\/\/www.wiedmann-baustoffe.com\">www.wiedmann-baustoffe.com<\/a><\/div>\t\t\t\t\t\t\t\t<\/div>\n\t\t\t\t<\/div>\n\t\t\t\t<\/div>\n\t\t\t\t<\/div>\n\t\t\t\t<\/div>\n\t\t\t\t<\/div>\n\t\t<div class=\"elementor-element elementor-element-4393d85e e-con-full e-flex e-con e-parent\" data-id=\"4393d85e\" data-element_type=\"container\" data-settings=\"{&quot;background_background&quot;:&quot;classic&quot;}\">\n\t\t\t\t<div class=\"elementor-element elementor-element-652617e5 elementor-widget elementor-widget-heading\" data-id=\"652617e5\" data-element_type=\"widget\" data-widget_type=\"heading.default\">\n\t\t\t\t<div class=\"elementor-widget-container\">\n\t\t\t\t\t<h2 class=\"elementor-heading-title elementor-size-default\">Follow us on<\/h2>\t\t\t\t<\/div>\n\t\t\t\t<\/div>\n\t\t\t\t<div class=\"elementor-element elementor-element-a40ddf e-grid-align-left e-grid-align-mobile-center elementor-shape-rounded elementor-grid-0 elementor-widget elementor-widget-social-icons\" data-id=\"a40ddf\" data-element_type=\"widget\" data-widget_type=\"social-icons.default\">\n\t\t\t\t<div class=\"elementor-widget-container\">\n\t\t\t\t\t\t\t<div class=\"elementor-social-icons-wrapper elementor-grid\" role=\"list\">\n\t\t\t\t\t\t\t<span class=\"elementor-grid-item\" role=\"listitem\">\n\t\t\t\t\t<a class=\"elementor-icon elementor-social-icon elementor-social-icon-facebook-f elementor-repeater-item-3f1b7ac\" target=\"_blank\">\n\t\t\t\t\t\t<span class=\"elementor-screen-only\">Facebook<\/span>\n\t\t\t\t\t\t<svg aria-hidden=\"true\" class=\"e-font-icon-svg e-fab-facebook-f\" viewbox=\"0 0 320 512\" xmlns=\"http:\/\/www.w3.org\/2000\/svg\"><path d=\"M279.14 288l14.22-92.66h-88.91v-60.13c0-25.35 12.42-50.06 52.24-50.06h40.42V6.26S260.43 0 225.36 0c-73.22 0-121.08 44.38-121.08 124.72v70.62H22.89V288h81.39v224h100.17V288z\"><\/path><\/svg>\t\t\t\t\t<\/a>\n\t\t\t\t<\/span>\n\t\t\t\t\t\t\t<span class=\"elementor-grid-item\" role=\"listitem\">\n\t\t\t\t\t<a class=\"elementor-icon elementor-social-icon elementor-social-icon-instagram elementor-repeater-item-5c0ce3c\" target=\"_blank\">\n\t\t\t\t\t\t<span class=\"elementor-screen-only\">Instagram<\/span>\n\t\t\t\t\t\t<svg aria-hidden=\"true\" class=\"e-font-icon-svg e-fab-instagram\" viewbox=\"0 0 448 512\" xmlns=\"http:\/\/www.w3.org\/2000\/svg\"><path d=\"M224.1 141c-63.6 0-114.9 51.3-114.9 114.9s51.3 114.9 114.9 114.9S339 319.5 339 255.9 287.7 141 224.1 141zm0 189.6c-41.1 0-74.7-33.5-74.7-74.7s33.5-74.7 74.7-74.7 74.7 33.5 74.7 74.7-33.6 74.7-74.7 74.7zm146.4-194.3c0 14.9-12 26.8-26.8 26.8-14.9 0-26.8-12-26.8-26.8s12-26.8 26.8-26.8 26.8 12 26.8 26.8zm76.1 27.2c-1.7-35.9-9.9-67.7-36.2-93.9-26.2-26.2-58-34.4-93.9-36.2-37-2.1-147.9-2.1-184.9 0-35.8 1.7-67.6 9.9-93.9 36.1s-34.4 58-36.2 93.9c-2.1 37-2.1 147.9 0 184.9 1.7 35.9 9.9 67.7 36.2 93.9s58 34.4 93.9 36.2c37 2.1 147.9 2.1 184.9 0 35.9-1.7 67.7-9.9 93.9-36.2 26.2-26.2 34.4-58 36.2-93.9 2.1-37 2.1-147.8 0-184.8zM398.8 388c-7.8 19.6-22.9 34.7-42.6 42.6-29.5 11.7-99.5 9-132.1 9s-102.7 2.6-132.1-9c-19.6-7.8-34.7-22.9-42.6-42.6-11.7-29.5-9-99.5-9-132.1s-2.6-102.7 9-132.1c7.8-19.6 22.9-34.7 42.6-42.6 29.5-11.7 99.5-9 132.1-9s102.7-2.6 132.1 9c19.6 7.8 34.7 22.9 42.6 42.6 11.7 29.5 9 99.5 9 132.1s2.7 102.7-9 132.1z\"><\/path><\/svg>\t\t\t\t\t<\/a>\n\t\t\t\t<\/span>\n\t\t\t\t\t\t\t<span class=\"elementor-grid-item\" role=\"listitem\">\n\t\t\t\t\t<a class=\"elementor-icon elementor-social-icon elementor-social-icon-linkedin elementor-repeater-item-828f132\" target=\"_blank\">\n\t\t\t\t\t\t<span class=\"elementor-screen-only\">LinkedIn<\/span>\n\t\t\t\t\t\t<svg aria-hidden=\"true\" class=\"e-font-icon-svg e-fab-linkedin\" viewbox=\"0 0 448 512\" xmlns=\"http:\/\/www.w3.org\/2000\/svg\"><path d=\"M416 32H31.9C14.3 32 0 46.5 0 64.3v383.4C0 465.5 14.3 480 31.9 480H416c17.6 0 32-14.5 32-32.3V64.3c0-17.8-14.4-32.3-32-32.3zM135.4 416H69V202.2h66.5V416zm-33.2-243c-21.3 0-38.5-17.3-38.5-38.5S80.9 96 102.2 96c21.2 0 38.5 17.3 38.5 38.5 0 21.3-17.2 38.5-38.5 38.5zm282.1 243h-66.4V312c0-24.8-.5-56.7-34.5-56.7-34.6 0-39.9 27-39.9 54.9V416h-66.4V202.2h63.7v29.2h.9c8.9-16.8 30.6-34.5 62.9-34.5 67.2 0 79.7 44.3 79.7 101.9V416z\"><\/path><\/svg>\t\t\t\t\t<\/a>\n\t\t\t\t<\/span>\n\t\t\t\t\t\t\t<span class=\"elementor-grid-item\" role=\"listitem\">\n\t\t\t\t\t<a class=\"elementor-icon elementor-social-icon elementor-social-icon-youtube elementor-repeater-item-cdb4d1c\" target=\"_blank\">\n\t\t\t\t\t\t<span class=\"elementor-screen-only\">YouTube<\/span>\n\t\t\t\t\t\t<svg aria-hidden=\"true\" class=\"e-font-icon-svg e-fab-youtube\" viewbox=\"0 0 576 512\" xmlns=\"http:\/\/www.w3.org\/2000\/svg\"><path d=\"M549.655 124.083c-6.281-23.65-24.787-42.276-48.284-48.597C458.781 64 288 64 288 64S117.22 64 74.629 75.486c-23.497 6.322-42.003 24.947-48.284 48.597-11.412 42.867-11.412 132.305-11.412 132.305s0 89.438 11.412 132.305c6.281 23.65 24.787 41.5 48.284 47.821C117.22 448 288 448 288 448s170.78 0 213.371-11.486c23.497-6.321 42.003-24.171 48.284-47.821 11.412-42.867 11.412-132.305 11.412-132.305s0-89.438-11.412-132.305zm-317.51 213.508V175.185l142.739 81.205-142.739 81.201z\"><\/path><\/svg>\t\t\t\t\t<\/a>\n\t\t\t\t<\/span>\n\t\t\t\t\t<\/div>\n\t\t\t\t\t\t<\/div>\n\t\t\t\t<\/div>\n\t\t\t\t<\/div>\n\t\t\t\t<\/div>","protected":false},"excerpt":{"rendered":"<p>Dachger\u00e4te \/ Bautechnik Handwerk mit Tradition Was vor fast 100 Jahren mit Bitumen-Pumpkochern f\u00fcr den Dachdeckerbedarf begann, ist heute eine umfassende Palette an Spezialmaschinen und Ger\u00e4ten f\u00fcr den Flachdachbau, f\u00fcr Dachsanierungen und den Bausektor. Dachdecker- und Dachsanierungsger\u00e4te, Propan-Aufschwei\u00df-, Trocken- und -L\u00f6tbrenner, Hei\u00dfluft-Schwei\u00dfger\u00e4te, PU-Kleber und Zubeh\u00f6r, Druckluftwerkzeug oder Dachspritztechnik \u2013 modernste Technologie, praxisorientiert und anwendertauglich entwickelt, [&hellip;]<\/p>","protected":false},"author":1,"featured_media":0,"parent":0,"menu_order":0,"comment_status":"closed","ping_status":"closed","template":"","meta":{"footnotes":""},"class_list":["post-21","page","type-page","status-publish","hentry"],"yoast_head":"<!-- This site is optimized with the Yoast SEO plugin v26.3 - https:\/\/yoast.com\/wordpress\/plugins\/seo\/ -->\n<title>Dachger\u00e4te \/Bautechnik - Gr\u00fcn GmbH<\/title>\n<meta name=\"description\" content=\"Dachger\u00e4te \/ Bautechnik f\u00fcr den Flachdachbau, f\u00fcr Dachsanierungen und den Bausektor. Dachdecker- und Dachsanierungsger\u00e4te, Propan-Aufschwei\u00df-, Trocken- und -L\u00f6tbrenner, Hei\u00dfluft-Schwei\u00dfger\u00e4te, PU-Kleber und Zubeh\u00f6r, Druckluftwerkzeug oder Dachspritztechnik \u2013 modernste Technologie, praxisorientiert und anwendertauglich entwickelt, hochwertig und leistungsf\u00e4hig produziert, erm\u00f6glichen den Handwerkern stets eine schnelle und zuverl\u00e4ssige Ausf\u00fchrung.\" \/>\n<meta name=\"robots\" content=\"index, follow, max-snippet:-1, max-image-preview:large, max-video-preview:-1\" \/>\n<link rel=\"canonical\" href=\"https:\/\/www.gruen-gmbh.de\/en\/dachgeraete-bautechnik\/\" \/>\n<meta property=\"og:locale\" content=\"en_US\" \/>\n<meta property=\"og:type\" content=\"article\" \/>\n<meta property=\"og:title\" content=\"Dachger\u00e4te \/Bautechnik - Gr\u00fcn GmbH\" \/>\n<meta property=\"og:description\" content=\"Dachger\u00e4te \/ Bautechnik f\u00fcr den Flachdachbau, f\u00fcr Dachsanierungen und den Bausektor. Dachdecker- und Dachsanierungsger\u00e4te, Propan-Aufschwei\u00df-, Trocken- und -L\u00f6tbrenner, Hei\u00dfluft-Schwei\u00dfger\u00e4te, PU-Kleber und Zubeh\u00f6r, Druckluftwerkzeug oder Dachspritztechnik \u2013 modernste Technologie, praxisorientiert und anwendertauglich entwickelt, hochwertig und leistungsf\u00e4hig produziert, erm\u00f6glichen den Handwerkern stets eine schnelle und zuverl\u00e4ssige Ausf\u00fchrung.\" \/>\n<meta property=\"og:url\" content=\"https:\/\/www.gruen-gmbh.de\/en\/dachgeraete-bautechnik\/\" \/>\n<meta property=\"og:site_name\" content=\"Gr\u00fcn GmbH\" \/>\n<meta property=\"article:modified_time\" content=\"2026-02-12T09:18:21+00:00\" \/>\n<meta property=\"og:image\" content=\"https:\/\/www.gruen-gmbh.de\/wp-content\/uploads\/2024\/07\/sliderbild_dachgeraete.webp\" \/>\n\t<meta property=\"og:image:width\" content=\"1920\" \/>\n\t<meta property=\"og:image:height\" content=\"1080\" \/>\n\t<meta property=\"og:image:type\" content=\"image\/webp\" \/>\n<meta name=\"twitter:card\" content=\"summary_large_image\" \/>\n<meta name=\"twitter:label1\" content=\"Est. reading time\" \/>\n\t<meta name=\"twitter:data1\" content=\"5 minutes\" \/>\n<script type=\"application\/ld+json\" class=\"yoast-schema-graph\">{\"@context\":\"https:\/\/schema.org\",\"@graph\":[{\"@type\":\"WebPage\",\"@id\":\"https:\/\/www.gruen-gmbh.de\/dachgeraete-bautechnik\/\",\"url\":\"https:\/\/www.gruen-gmbh.de\/dachgeraete-bautechnik\/\",\"name\":\"Dachger\u00e4te \/Bautechnik - Gr\u00fcn GmbH\",\"isPartOf\":{\"@id\":\"https:\/\/www.gruen-gmbh.de\/en\/#website\"},\"primaryImageOfPage\":{\"@id\":\"https:\/\/www.gruen-gmbh.de\/dachgeraete-bautechnik\/#primaryimage\"},\"image\":{\"@id\":\"https:\/\/www.gruen-gmbh.de\/dachgeraete-bautechnik\/#primaryimage\"},\"thumbnailUrl\":\"https:\/\/www.gruen-gmbh.de\/wp-content\/uploads\/2024\/07\/sliderbild_dachgeraete.webp\",\"datePublished\":\"2024-07-16T11:26:27+00:00\",\"dateModified\":\"2026-02-12T09:18:21+00:00\",\"description\":\"Dachger\u00e4te \/ Bautechnik f\u00fcr den Flachdachbau, f\u00fcr Dachsanierungen und den Bausektor. Dachdecker- und Dachsanierungsger\u00e4te, Propan-Aufschwei\u00df-, Trocken- und -L\u00f6tbrenner, Hei\u00dfluft-Schwei\u00dfger\u00e4te, PU-Kleber und Zubeh\u00f6r, Druckluftwerkzeug oder Dachspritztechnik \u2013 modernste Technologie, praxisorientiert und anwendertauglich entwickelt, hochwertig und leistungsf\u00e4hig produziert, erm\u00f6glichen den Handwerkern stets eine schnelle und zuverl\u00e4ssige Ausf\u00fchrung.\",\"breadcrumb\":{\"@id\":\"https:\/\/www.gruen-gmbh.de\/dachgeraete-bautechnik\/#breadcrumb\"},\"inLanguage\":\"en-US\",\"potentialAction\":[{\"@type\":\"ReadAction\",\"target\":[\"https:\/\/www.gruen-gmbh.de\/dachgeraete-bautechnik\/\"]}]},{\"@type\":\"ImageObject\",\"inLanguage\":\"en-US\",\"@id\":\"https:\/\/www.gruen-gmbh.de\/dachgeraete-bautechnik\/#primaryimage\",\"url\":\"https:\/\/www.gruen-gmbh.de\/wp-content\/uploads\/2024\/07\/sliderbild_dachgeraete.webp\",\"contentUrl\":\"https:\/\/www.gruen-gmbh.de\/wp-content\/uploads\/2024\/07\/sliderbild_dachgeraete.webp\"},{\"@type\":\"BreadcrumbList\",\"@id\":\"https:\/\/www.gruen-gmbh.de\/dachgeraete-bautechnik\/#breadcrumb\",\"itemListElement\":[{\"@type\":\"ListItem\",\"position\":1,\"name\":\"Startseite\",\"item\":\"https:\/\/www.gruen-gmbh.de\/\"},{\"@type\":\"ListItem\",\"position\":2,\"name\":\"Dachger\u00e4te \/Bautechnik\"}]},{\"@type\":\"WebSite\",\"@id\":\"https:\/\/www.gruen-gmbh.de\/en\/#website\",\"url\":\"https:\/\/www.gruen-gmbh.de\/en\/\",\"name\":\"Gr\u00fcn GmbH\",\"description\":\"\",\"publisher\":{\"@id\":\"https:\/\/www.gruen-gmbh.de\/en\/#organization\"},\"potentialAction\":[{\"@type\":\"SearchAction\",\"target\":{\"@type\":\"EntryPoint\",\"urlTemplate\":\"https:\/\/www.gruen-gmbh.de\/en\/?s={search_term_string}\"},\"query-input\":{\"@type\":\"PropertyValueSpecification\",\"valueRequired\":true,\"valueName\":\"search_term_string\"}}],\"inLanguage\":\"en-US\"},{\"@type\":\"Organization\",\"@id\":\"https:\/\/www.gruen-gmbh.de\/en\/#organization\",\"name\":\"Gr\u00fcn GmbH\",\"url\":\"https:\/\/www.gruen-gmbh.de\/en\/\",\"logo\":{\"@type\":\"ImageObject\",\"inLanguage\":\"en-US\",\"@id\":\"https:\/\/www.gruen-gmbh.de\/en\/#\/schema\/logo\/image\/\",\"url\":\"https:\/\/www.gruen-gmbh.de\/wp-content\/uploads\/2024\/07\/gruen-logo.webp\",\"contentUrl\":\"https:\/\/www.gruen-gmbh.de\/wp-content\/uploads\/2024\/07\/gruen-logo.webp\",\"width\":672,\"height\":164,\"caption\":\"Gr\u00fcn GmbH\"},\"image\":{\"@id\":\"https:\/\/www.gruen-gmbh.de\/en\/#\/schema\/logo\/image\/\"}}]}<\/script>\n<!-- \/ Yoast SEO plugin. -->","yoast_head_json":{"title":"Dachger\u00e4te \/Bautechnik - Gr\u00fcn GmbH","description":"Dachger\u00e4te \/ Bautechnik f\u00fcr den Flachdachbau, f\u00fcr Dachsanierungen und den Bausektor. Dachdecker- und Dachsanierungsger\u00e4te, Propan-Aufschwei\u00df-, Trocken- und -L\u00f6tbrenner, Hei\u00dfluft-Schwei\u00dfger\u00e4te, PU-Kleber und Zubeh\u00f6r, Druckluftwerkzeug oder Dachspritztechnik \u2013 modernste Technologie, praxisorientiert und anwendertauglich entwickelt, hochwertig und leistungsf\u00e4hig produziert, erm\u00f6glichen den Handwerkern stets eine schnelle und zuverl\u00e4ssige Ausf\u00fchrung.","robots":{"index":"index","follow":"follow","max-snippet":"max-snippet:-1","max-image-preview":"max-image-preview:large","max-video-preview":"max-video-preview:-1"},"canonical":"https:\/\/www.gruen-gmbh.de\/en\/dachgeraete-bautechnik\/","og_locale":"en_US","og_type":"article","og_title":"Dachger\u00e4te \/Bautechnik - Gr\u00fcn GmbH","og_description":"Dachger\u00e4te \/ Bautechnik f\u00fcr den Flachdachbau, f\u00fcr Dachsanierungen und den Bausektor. Dachdecker- und Dachsanierungsger\u00e4te, Propan-Aufschwei\u00df-, Trocken- und -L\u00f6tbrenner, Hei\u00dfluft-Schwei\u00dfger\u00e4te, PU-Kleber und Zubeh\u00f6r, Druckluftwerkzeug oder Dachspritztechnik \u2013 modernste Technologie, praxisorientiert und anwendertauglich entwickelt, hochwertig und leistungsf\u00e4hig produziert, erm\u00f6glichen den Handwerkern stets eine schnelle und zuverl\u00e4ssige Ausf\u00fchrung.","og_url":"https:\/\/www.gruen-gmbh.de\/en\/dachgeraete-bautechnik\/","og_site_name":"Gr\u00fcn GmbH","article_modified_time":"2026-02-12T09:18:21+00:00","og_image":[{"width":1920,"height":1080,"url":"https:\/\/www.gruen-gmbh.de\/wp-content\/uploads\/2024\/07\/sliderbild_dachgeraete.webp","type":"image\/webp"}],"twitter_card":"summary_large_image","twitter_misc":{"Est. reading time":"5 minutes"},"schema":{"@context":"https:\/\/schema.org","@graph":[{"@type":"WebPage","@id":"https:\/\/www.gruen-gmbh.de\/dachgeraete-bautechnik\/","url":"https:\/\/www.gruen-gmbh.de\/dachgeraete-bautechnik\/","name":"Dachger\u00e4te \/Bautechnik - Gr\u00fcn GmbH","isPartOf":{"@id":"https:\/\/www.gruen-gmbh.de\/en\/#website"},"primaryImageOfPage":{"@id":"https:\/\/www.gruen-gmbh.de\/dachgeraete-bautechnik\/#primaryimage"},"image":{"@id":"https:\/\/www.gruen-gmbh.de\/dachgeraete-bautechnik\/#primaryimage"},"thumbnailUrl":"https:\/\/www.gruen-gmbh.de\/wp-content\/uploads\/2024\/07\/sliderbild_dachgeraete.webp","datePublished":"2024-07-16T11:26:27+00:00","dateModified":"2026-02-12T09:18:21+00:00","description":"Dachger\u00e4te \/ Bautechnik f\u00fcr den Flachdachbau, f\u00fcr Dachsanierungen und den Bausektor. Dachdecker- und Dachsanierungsger\u00e4te, Propan-Aufschwei\u00df-, Trocken- und -L\u00f6tbrenner, Hei\u00dfluft-Schwei\u00dfger\u00e4te, PU-Kleber und Zubeh\u00f6r, Druckluftwerkzeug oder Dachspritztechnik \u2013 modernste Technologie, praxisorientiert und anwendertauglich entwickelt, hochwertig und leistungsf\u00e4hig produziert, erm\u00f6glichen den Handwerkern stets eine schnelle und zuverl\u00e4ssige Ausf\u00fchrung.","breadcrumb":{"@id":"https:\/\/www.gruen-gmbh.de\/dachgeraete-bautechnik\/#breadcrumb"},"inLanguage":"en-US","potentialAction":[{"@type":"ReadAction","target":["https:\/\/www.gruen-gmbh.de\/dachgeraete-bautechnik\/"]}]},{"@type":"ImageObject","inLanguage":"en-US","@id":"https:\/\/www.gruen-gmbh.de\/dachgeraete-bautechnik\/#primaryimage","url":"https:\/\/www.gruen-gmbh.de\/wp-content\/uploads\/2024\/07\/sliderbild_dachgeraete.webp","contentUrl":"https:\/\/www.gruen-gmbh.de\/wp-content\/uploads\/2024\/07\/sliderbild_dachgeraete.webp"},{"@type":"BreadcrumbList","@id":"https:\/\/www.gruen-gmbh.de\/dachgeraete-bautechnik\/#breadcrumb","itemListElement":[{"@type":"ListItem","position":1,"name":"Startseite","item":"https:\/\/www.gruen-gmbh.de\/"},{"@type":"ListItem","position":2,"name":"Dachger\u00e4te \/Bautechnik"}]},{"@type":"WebSite","@id":"https:\/\/www.gruen-gmbh.de\/en\/#website","url":"https:\/\/www.gruen-gmbh.de\/en\/","name":"Gr\u00fcn GmbH","description":"","publisher":{"@id":"https:\/\/www.gruen-gmbh.de\/en\/#organization"},"potentialAction":[{"@type":"SearchAction","target":{"@type":"EntryPoint","urlTemplate":"https:\/\/www.gruen-gmbh.de\/en\/?s={search_term_string}"},"query-input":{"@type":"PropertyValueSpecification","valueRequired":true,"valueName":"search_term_string"}}],"inLanguage":"en-US"},{"@type":"Organization","@id":"https:\/\/www.gruen-gmbh.de\/en\/#organization","name":"Gr\u00fcn GmbH","url":"https:\/\/www.gruen-gmbh.de\/en\/","logo":{"@type":"ImageObject","inLanguage":"en-US","@id":"https:\/\/www.gruen-gmbh.de\/en\/#\/schema\/logo\/image\/","url":"https:\/\/www.gruen-gmbh.de\/wp-content\/uploads\/2024\/07\/gruen-logo.webp","contentUrl":"https:\/\/www.gruen-gmbh.de\/wp-content\/uploads\/2024\/07\/gruen-logo.webp","width":672,"height":164,"caption":"Gr\u00fcn GmbH"},"image":{"@id":"https:\/\/www.gruen-gmbh.de\/en\/#\/schema\/logo\/image\/"}}]}},"_links":{"self":[{"href":"https:\/\/www.gruen-gmbh.de\/en\/wp-json\/wp\/v2\/pages\/21","targetHints":{"allow":["GET"]}}],"collection":[{"href":"https:\/\/www.gruen-gmbh.de\/en\/wp-json\/wp\/v2\/pages"}],"about":[{"href":"https:\/\/www.gruen-gmbh.de\/en\/wp-json\/wp\/v2\/types\/page"}],"author":[{"embeddable":true,"href":"https:\/\/www.gruen-gmbh.de\/en\/wp-json\/wp\/v2\/users\/1"}],"replies":[{"embeddable":true,"href":"https:\/\/www.gruen-gmbh.de\/en\/wp-json\/wp\/v2\/comments?post=21"}],"version-history":[{"count":0,"href":"https:\/\/www.gruen-gmbh.de\/en\/wp-json\/wp\/v2\/pages\/21\/revisions"}],"wp:attachment":[{"href":"https:\/\/www.gruen-gmbh.de\/en\/wp-json\/wp\/v2\/media?parent=21"}],"curies":[{"name":"wp","href":"https:\/\/api.w.org\/{rel}","templated":true}]}}