{"id":39780,"date":"2024-09-11T08:28:53","date_gmt":"2024-09-11T08:28:53","guid":{"rendered":"https:\/\/eventgruen.online\/?page_id=39780"},"modified":"2025-02-21T10:22:15","modified_gmt":"2025-02-21T10:22:15","slug":"impressum","status":"publish","type":"page","link":"https:\/\/www.gruen-gmbh.de\/en\/impressum\/","title":{"rendered":"Imprint"},"content":{"rendered":"<div data-elementor-type=\"wp-page\" data-elementor-id=\"39780\" class=\"elementor elementor-39780\" data-elementor-post-type=\"page\">\n\t\t\t\t<div class=\"elementor-element elementor-element-f346ff6 e-flex e-con-boxed e-con e-parent\" data-id=\"f346ff6\" data-element_type=\"container\">\n\t\t\t\t\t<div class=\"e-con-inner\">\n\t\t\t\t<div class=\"elementor-element elementor-element-49a34dd elementor-widget elementor-widget-text-editor\" data-id=\"49a34dd\" data-element_type=\"widget\" data-widget_type=\"text-editor.default\">\n\t\t\t\t<div class=\"elementor-widget-container\">\n\t\t\t\t\t\t\t\t\t<h2 class=\"elementor-heading-title elementor-size-default elementor-inline-editing pen\" contenteditable=\"true\" data-elementor-setting-key=\"title\" data-pen-placeholder=\"Eingabe hier...\"><span style=\"color: #00961e;\">Imprint<\/span><\/h2><p>Information according to \u00a7 5 TMG<\/p><p><img decoding=\"async\" class=\"alignnone wp-image-83\" src=\"https:\/\/www.gruen-gmbh.de\/wp-content\/uploads\/2024\/07\/gruen-logo-1-300x73.webp\" alt=\"\" width=\"152\" height=\"37\" srcset=\"https:\/\/www.gruen-gmbh.de\/wp-content\/uploads\/2024\/07\/gruen-logo-1-300x73.webp 300w, https:\/\/www.gruen-gmbh.de\/wp-content\/uploads\/2024\/07\/gruen-logo-1-600x146.webp 600w, https:\/\/www.gruen-gmbh.de\/wp-content\/uploads\/2024\/07\/gruen-logo-1.webp 672w\" sizes=\"(max-width: 152px) 100vw, 152px\" \/><\/p><p>Fa. Gr\u00fcn GmbH Spezialmaschinenfabrik<br \/>Siegener Str. 81 \u2013 83<br \/>57234 Wilnsdorf \u2013 Niederdielfen<\/p><p><strong>Represented by:<\/strong><br \/>Managing Directors: Dipl.-Ing. Ralf Vogelsang; Dipl.-Kfm. - MBA Hendrik St\u00e4hler<\/p><p><strong>Contact:<\/strong><br \/>Phone: 0 271 \u2013 39 88-0 (Head office)<br \/>Telefax: 0 271 \u2013 39 88-159<br \/>E-Mail: <a href=\"mailto:info@gruen-gmbh.de\">info@gruen-gmbh.de<\/a><\/p><p class=\" translation-block\"><strong>Register entry:<\/strong><br>Entry in the register court: Siegen Local Court<br>Register number: Siegen Commercial Register HRB 3057<\/p><p><strong>VAT ID:<\/strong><br \/>Sales tax identification number according to \u00a727a sales tax law:<br \/>National: USt-Nr. 5342-05835-0617<br \/>International: DE 247036449<\/p><p><strong>Disclaimer of liability<\/strong><\/p><p><strong>Responsibility for content<\/strong><\/p><p>The contents of our pages have been created with the greatest care. However, we cannot assume any liability for the accuracy, completeness and topicality of the content. As a service provider, we are responsible for our own content on these pages in accordance with \u00a7 7 para. 1 TMG (German Telemedia Act) and general laws. According to \u00a7\u00a7 8 to 10 TMG, however, we as a service provider are not obliged to monitor transmitted or stored third-party information or to investigate circumstances that indicate illegal activity. Obligations to remove or block the use of information in accordance with general legislation remain unaffected by this. However, liability in this respect is only possible from the time of knowledge of a specific infringement. As soon as we become aware of such infringements, we will remove this content immediately.<\/p><p><strong>Liability for links<\/strong><br \/>Our website contains links to external third-party websites over whose content we have no influence. Therefore, we cannot accept any liability for this third-party content. The respective provider or operator of the pages is always responsible for the content of the linked pages. The linked pages were checked for possible legal violations at the time of linking. Illegal content was not recognizable at the time of linking. However, permanent monitoring of the content of the linked pages is not reasonable without concrete evidence of an infringement. If we become aware of any legal infringements, we will remove such links immediately.<\/p><p><strong>Copyright<\/strong><br \/>The content and works created by the site operators on these pages are subject to German copyright law. Duplication, processing, distribution and any kind of exploitation outside the limits of copyright law require the written consent of the respective author or creator. Downloads and copies of this site are only permitted for private, non-commercial use. Insofar as the content on this site was not created by the operator, the copyrights of third parties are respected. In particular, third-party content is identified as such. Should you nevertheless become aware of a copyright infringement, please inform us accordingly. If we become aware of any infringements, we will remove such content immediately.<\/p><p>The imprint of this homepage was created with the <a class=\"exitNotifierLink\" href=\"http:\/\/www.impressum-generator.de\/\">Impressum Generator<\/a> der <a class=\"exitNotifierLink\" href=\"http:\/\/www.kanzlei-hasselbach.de\/\">Kanzlei Hasselbach<\/a> erstellt<\/p>\t\t\t\t\t\t\t\t<\/div>\n\t\t\t\t<\/div>\n\t\t\t\t\t<\/div>\n\t\t\t\t<\/div>\n\t\t\t\t<\/div>","protected":false},"excerpt":{"rendered":"<p>Impressum Angaben gem\u00e4\u00df \u00a7 5 TMG Fa. Gr\u00fcn GmbH SpezialmaschinenfabrikSiegener Str. 81 \u2013 8357234 Wilnsdorf \u2013 Niederdielfen Vertreten durch:Gesch\u00e4ftsf\u00fchrer: Dipl.-Ing. Ralf Vogelsang; Dipl.-Kfm. \u2022 MBA Hendrik St\u00e4hler Kontakt:Telefon: 0 271 \u2013 39 88-0 (Zentrale)Telefax: 0 271 \u2013 39 88-159E-Mail: info@gruen-gmbh.de Registereintrag:Eintragung im Registergericht: Amtsgericht SiegenRegisternummer: Handelsregister Siegen HRB 3057 Umsatzsteuer-ID:Umsatzsteuer-Identifikationsnummer gem\u00e4\u00df \u00a727a Umsatzsteuergesetz:National: USt-Nr. 5342-05835-0617International: [&hellip;]<\/p>","protected":false},"author":1,"featured_media":0,"parent":0,"menu_order":0,"comment_status":"closed","ping_status":"closed","template":"","meta":{"footnotes":""},"class_list":["post-39780","page","type-page","status-publish","hentry"],"yoast_head":"<!-- This site is optimized with the Yoast SEO plugin v26.3 - https:\/\/yoast.com\/wordpress\/plugins\/seo\/ -->\n<title>Impressum - Gr\u00fcn GmbH<\/title>\n<meta name=\"robots\" content=\"index, follow, max-snippet:-1, max-image-preview:large, max-video-preview:-1\" \/>\n<link rel=\"canonical\" href=\"https:\/\/www.gruen-gmbh.de\/en\/impressum\/\" \/>\n<meta property=\"og:locale\" content=\"en_US\" \/>\n<meta property=\"og:type\" content=\"article\" \/>\n<meta property=\"og:title\" content=\"Impressum - Gr\u00fcn GmbH\" \/>\n<meta property=\"og:description\" content=\"Impressum Angaben gem\u00e4\u00df \u00a7 5 TMG Fa. Gr\u00fcn GmbH SpezialmaschinenfabrikSiegener Str. 81 \u2013 8357234 Wilnsdorf \u2013 Niederdielfen Vertreten durch:Gesch\u00e4ftsf\u00fchrer: Dipl.-Ing. Ralf Vogelsang; Dipl.-Kfm. \u2022 MBA Hendrik St\u00e4hler Kontakt:Telefon: 0 271 \u2013 39 88-0 (Zentrale)Telefax: 0 271 \u2013 39 88-159E-Mail: info@gruen-gmbh.de Registereintrag:Eintragung im Registergericht: Amtsgericht SiegenRegisternummer: Handelsregister Siegen HRB 3057 Umsatzsteuer-ID:Umsatzsteuer-Identifikationsnummer gem\u00e4\u00df \u00a727a Umsatzsteuergesetz:National: USt-Nr. 5342-05835-0617International: [&hellip;]\" \/>\n<meta property=\"og:url\" content=\"https:\/\/www.gruen-gmbh.de\/en\/impressum\/\" \/>\n<meta property=\"og:site_name\" content=\"Gr\u00fcn GmbH\" \/>\n<meta property=\"article:modified_time\" content=\"2025-02-21T10:22:15+00:00\" \/>\n<meta property=\"og:image\" content=\"https:\/\/www.gruen-gmbh.de\/wp-content\/uploads\/2024\/07\/gruen-logo-1.webp\" \/>\n\t<meta property=\"og:image:width\" content=\"672\" \/>\n\t<meta property=\"og:image:height\" content=\"164\" \/>\n\t<meta property=\"og:image:type\" content=\"image\/webp\" \/>\n<meta name=\"twitter:card\" content=\"summary_large_image\" \/>\n<meta name=\"twitter:label1\" content=\"Est. reading time\" \/>\n\t<meta name=\"twitter:data1\" content=\"2 minutes\" \/>\n<script type=\"application\/ld+json\" class=\"yoast-schema-graph\">{\"@context\":\"https:\/\/schema.org\",\"@graph\":[{\"@type\":\"WebPage\",\"@id\":\"https:\/\/www.gruen-gmbh.de\/en\/impressum\/\",\"url\":\"https:\/\/www.gruen-gmbh.de\/en\/impressum\/\",\"name\":\"Impressum - Gr\u00fcn GmbH\",\"isPartOf\":{\"@id\":\"https:\/\/www.gruen-gmbh.de\/en\/#website\"},\"primaryImageOfPage\":{\"@id\":\"https:\/\/www.gruen-gmbh.de\/en\/impressum\/#primaryimage\"},\"image\":{\"@id\":\"https:\/\/www.gruen-gmbh.de\/en\/impressum\/#primaryimage\"},\"thumbnailUrl\":\"https:\/\/www.gruen-gmbh.de\/wp-content\/uploads\/2024\/07\/gruen-logo-1-300x73.webp\",\"datePublished\":\"2024-09-11T08:28:53+00:00\",\"dateModified\":\"2025-02-21T10:22:15+00:00\",\"breadcrumb\":{\"@id\":\"https:\/\/www.gruen-gmbh.de\/en\/impressum\/#breadcrumb\"},\"inLanguage\":\"en-US\",\"potentialAction\":[{\"@type\":\"ReadAction\",\"target\":[\"https:\/\/www.gruen-gmbh.de\/en\/impressum\/\"]}]},{\"@type\":\"ImageObject\",\"inLanguage\":\"en-US\",\"@id\":\"https:\/\/www.gruen-gmbh.de\/en\/impressum\/#primaryimage\",\"url\":\"https:\/\/www.gruen-gmbh.de\/wp-content\/uploads\/2024\/07\/gruen-logo-1-300x73.webp\",\"contentUrl\":\"https:\/\/www.gruen-gmbh.de\/wp-content\/uploads\/2024\/07\/gruen-logo-1-300x73.webp\"},{\"@type\":\"BreadcrumbList\",\"@id\":\"https:\/\/www.gruen-gmbh.de\/en\/impressum\/#breadcrumb\",\"itemListElement\":[{\"@type\":\"ListItem\",\"position\":1,\"name\":\"Startseite\",\"item\":\"https:\/\/www.gruen-gmbh.de\/\"},{\"@type\":\"ListItem\",\"position\":2,\"name\":\"Impressum\"}]},{\"@type\":\"WebSite\",\"@id\":\"https:\/\/www.gruen-gmbh.de\/en\/#website\",\"url\":\"https:\/\/www.gruen-gmbh.de\/en\/\",\"name\":\"Gr\u00fcn GmbH\",\"description\":\"\",\"publisher\":{\"@id\":\"https:\/\/www.gruen-gmbh.de\/en\/#organization\"},\"potentialAction\":[{\"@type\":\"SearchAction\",\"target\":{\"@type\":\"EntryPoint\",\"urlTemplate\":\"https:\/\/www.gruen-gmbh.de\/en\/?s={search_term_string}\"},\"query-input\":{\"@type\":\"PropertyValueSpecification\",\"valueRequired\":true,\"valueName\":\"search_term_string\"}}],\"inLanguage\":\"en-US\"},{\"@type\":\"Organization\",\"@id\":\"https:\/\/www.gruen-gmbh.de\/en\/#organization\",\"name\":\"Gr\u00fcn GmbH\",\"url\":\"https:\/\/www.gruen-gmbh.de\/en\/\",\"logo\":{\"@type\":\"ImageObject\",\"inLanguage\":\"en-US\",\"@id\":\"https:\/\/www.gruen-gmbh.de\/en\/#\/schema\/logo\/image\/\",\"url\":\"https:\/\/www.gruen-gmbh.de\/wp-content\/uploads\/2024\/07\/gruen-logo.webp\",\"contentUrl\":\"https:\/\/www.gruen-gmbh.de\/wp-content\/uploads\/2024\/07\/gruen-logo.webp\",\"width\":672,\"height\":164,\"caption\":\"Gr\u00fcn GmbH\"},\"image\":{\"@id\":\"https:\/\/www.gruen-gmbh.de\/en\/#\/schema\/logo\/image\/\"}}]}<\/script>\n<!-- \/ Yoast SEO plugin. -->","yoast_head_json":{"title":"Impressum - Gr\u00fcn GmbH","robots":{"index":"index","follow":"follow","max-snippet":"max-snippet:-1","max-image-preview":"max-image-preview:large","max-video-preview":"max-video-preview:-1"},"canonical":"https:\/\/www.gruen-gmbh.de\/en\/impressum\/","og_locale":"en_US","og_type":"article","og_title":"Impressum - Gr\u00fcn GmbH","og_description":"Impressum Angaben gem\u00e4\u00df \u00a7 5 TMG Fa. Gr\u00fcn GmbH SpezialmaschinenfabrikSiegener Str. 81 \u2013 8357234 Wilnsdorf \u2013 Niederdielfen Vertreten durch:Gesch\u00e4ftsf\u00fchrer: Dipl.-Ing. Ralf Vogelsang; Dipl.-Kfm. \u2022 MBA Hendrik St\u00e4hler Kontakt:Telefon: 0 271 \u2013 39 88-0 (Zentrale)Telefax: 0 271 \u2013 39 88-159E-Mail: info@gruen-gmbh.de Registereintrag:Eintragung im Registergericht: Amtsgericht SiegenRegisternummer: Handelsregister Siegen HRB 3057 Umsatzsteuer-ID:Umsatzsteuer-Identifikationsnummer gem\u00e4\u00df \u00a727a Umsatzsteuergesetz:National: USt-Nr. 5342-05835-0617International: [&hellip;]","og_url":"https:\/\/www.gruen-gmbh.de\/en\/impressum\/","og_site_name":"Gr\u00fcn GmbH","article_modified_time":"2025-02-21T10:22:15+00:00","og_image":[{"width":672,"height":164,"url":"https:\/\/www.gruen-gmbh.de\/wp-content\/uploads\/2024\/07\/gruen-logo-1.webp","type":"image\/webp"}],"twitter_card":"summary_large_image","twitter_misc":{"Est. reading time":"2 minutes"},"schema":{"@context":"https:\/\/schema.org","@graph":[{"@type":"WebPage","@id":"https:\/\/www.gruen-gmbh.de\/en\/impressum\/","url":"https:\/\/www.gruen-gmbh.de\/en\/impressum\/","name":"Impressum - Gr\u00fcn GmbH","isPartOf":{"@id":"https:\/\/www.gruen-gmbh.de\/en\/#website"},"primaryImageOfPage":{"@id":"https:\/\/www.gruen-gmbh.de\/en\/impressum\/#primaryimage"},"image":{"@id":"https:\/\/www.gruen-gmbh.de\/en\/impressum\/#primaryimage"},"thumbnailUrl":"https:\/\/www.gruen-gmbh.de\/wp-content\/uploads\/2024\/07\/gruen-logo-1-300x73.webp","datePublished":"2024-09-11T08:28:53+00:00","dateModified":"2025-02-21T10:22:15+00:00","breadcrumb":{"@id":"https:\/\/www.gruen-gmbh.de\/en\/impressum\/#breadcrumb"},"inLanguage":"en-US","potentialAction":[{"@type":"ReadAction","target":["https:\/\/www.gruen-gmbh.de\/en\/impressum\/"]}]},{"@type":"ImageObject","inLanguage":"en-US","@id":"https:\/\/www.gruen-gmbh.de\/en\/impressum\/#primaryimage","url":"https:\/\/www.gruen-gmbh.de\/wp-content\/uploads\/2024\/07\/gruen-logo-1-300x73.webp","contentUrl":"https:\/\/www.gruen-gmbh.de\/wp-content\/uploads\/2024\/07\/gruen-logo-1-300x73.webp"},{"@type":"BreadcrumbList","@id":"https:\/\/www.gruen-gmbh.de\/en\/impressum\/#breadcrumb","itemListElement":[{"@type":"ListItem","position":1,"name":"Startseite","item":"https:\/\/www.gruen-gmbh.de\/"},{"@type":"ListItem","position":2,"name":"Impressum"}]},{"@type":"WebSite","@id":"https:\/\/www.gruen-gmbh.de\/en\/#website","url":"https:\/\/www.gruen-gmbh.de\/en\/","name":"Gr\u00fcn GmbH","description":"","publisher":{"@id":"https:\/\/www.gruen-gmbh.de\/en\/#organization"},"potentialAction":[{"@type":"SearchAction","target":{"@type":"EntryPoint","urlTemplate":"https:\/\/www.gruen-gmbh.de\/en\/?s={search_term_string}"},"query-input":{"@type":"PropertyValueSpecification","valueRequired":true,"valueName":"search_term_string"}}],"inLanguage":"en-US"},{"@type":"Organization","@id":"https:\/\/www.gruen-gmbh.de\/en\/#organization","name":"Gr\u00fcn GmbH","url":"https:\/\/www.gruen-gmbh.de\/en\/","logo":{"@type":"ImageObject","inLanguage":"en-US","@id":"https:\/\/www.gruen-gmbh.de\/en\/#\/schema\/logo\/image\/","url":"https:\/\/www.gruen-gmbh.de\/wp-content\/uploads\/2024\/07\/gruen-logo.webp","contentUrl":"https:\/\/www.gruen-gmbh.de\/wp-content\/uploads\/2024\/07\/gruen-logo.webp","width":672,"height":164,"caption":"Gr\u00fcn GmbH"},"image":{"@id":"https:\/\/www.gruen-gmbh.de\/en\/#\/schema\/logo\/image\/"}}]}},"_links":{"self":[{"href":"https:\/\/www.gruen-gmbh.de\/en\/wp-json\/wp\/v2\/pages\/39780","targetHints":{"allow":["GET"]}}],"collection":[{"href":"https:\/\/www.gruen-gmbh.de\/en\/wp-json\/wp\/v2\/pages"}],"about":[{"href":"https:\/\/www.gruen-gmbh.de\/en\/wp-json\/wp\/v2\/types\/page"}],"author":[{"embeddable":true,"href":"https:\/\/www.gruen-gmbh.de\/en\/wp-json\/wp\/v2\/users\/1"}],"replies":[{"embeddable":true,"href":"https:\/\/www.gruen-gmbh.de\/en\/wp-json\/wp\/v2\/comments?post=39780"}],"version-history":[{"count":0,"href":"https:\/\/www.gruen-gmbh.de\/en\/wp-json\/wp\/v2\/pages\/39780\/revisions"}],"wp:attachment":[{"href":"https:\/\/www.gruen-gmbh.de\/en\/wp-json\/wp\/v2\/media?parent=39780"}],"curies":[{"name":"wp","href":"https:\/\/api.w.org\/{rel}","templated":true}]}}