{"id":42170,"date":"2025-02-17T08:03:28","date_gmt":"2025-02-17T08:03:28","guid":{"rendered":"https:\/\/www.gruen-gmbh.de\/?page_id=42170"},"modified":"2025-02-17T08:44:02","modified_gmt":"2025-02-17T08:44:02","slug":"ausbildung","status":"publish","type":"page","link":"https:\/\/www.gruen-gmbh.de\/en\/ausbildung\/","title":{"rendered":"Ausbildung"},"content":{"rendered":"<div data-elementor-type=\"wp-page\" data-elementor-id=\"42170\" class=\"elementor elementor-42170\" data-elementor-post-type=\"page\">\n\t\t\t\t<div class=\"elementor-element elementor-element-3647b93 e-con-full e-flex e-con e-parent\" data-id=\"3647b93\" data-element_type=\"container\">\n\t\t<div class=\"elementor-element elementor-element-d7d10a5 e-con-full e-flex e-con e-child\" data-id=\"d7d10a5\" data-element_type=\"container\">\n\t\t\t\t<div class=\"elementor-element elementor-element-17b9ef61 elementor-widget elementor-widget-heading\" data-id=\"17b9ef61\" data-element_type=\"widget\" data-widget_type=\"heading.default\">\n\t\t\t\t<div class=\"elementor-widget-container\">\n\t\t\t\t\t<h2 class=\"elementor-heading-title elementor-size-default translation-block\">Your training<br> \nat GR\u00dcN<\/h2>\t\t\t\t<\/div>\n\t\t\t\t<\/div>\n\t\t\t\t<div class=\"elementor-element elementor-element-4042d2c2 elementor-align-left elementor-mobile-align-center elementor-tablet-align-center elementor-widget elementor-widget-button\" data-id=\"4042d2c2\" data-element_type=\"widget\" data-widget_type=\"button.default\">\n\t\t\t\t<div class=\"elementor-widget-container\">\n\t\t\t\t\t\t\t\t\t<div class=\"elementor-button-wrapper\">\n\t\t\t\t\t<a class=\"elementor-button elementor-button-link elementor-size-sm elementor-animation-grow\" href=\"#ausbildungsstelle\">\n\t\t\t\t\t\t<span class=\"elementor-button-content-wrapper\">\n\t\t\t\t\t\t\t\t\t<span class=\"elementor-button-text\">To the vacancies<\/span>\n\t\t\t\t\t<\/span>\n\t\t\t\t\t<\/a>\n\t\t\t\t<\/div>\n\t\t\t\t\t\t\t\t<\/div>\n\t\t\t\t<\/div>\n\t\t\t\t<\/div>\n\t\t\t\t<div class=\"elementor-element elementor-element-429cfc11 elementor-widget__width-initial elementor-widget-tablet__width-inherit elementor-widget elementor-widget-image\" data-id=\"429cfc11\" data-element_type=\"widget\" data-widget_type=\"image.default\">\n\t\t\t\t<div class=\"elementor-widget-container\">\n\t\t\t\t\t\t\t\t\t\t\t\t\t\t\t<img fetchpriority=\"high\" decoding=\"async\" width=\"800\" height=\"691\" src=\"https:\/\/www.gruen-gmbh.de\/wp-content\/uploads\/2025\/02\/5182_Gruen-Spezialmaschinen_20211001-1-1024x884.jpg\" class=\"attachment-large size-large wp-image-42179\" alt=\"\" srcset=\"https:\/\/www.gruen-gmbh.de\/wp-content\/uploads\/2025\/02\/5182_Gruen-Spezialmaschinen_20211001-1-1024x884.jpg 1024w, https:\/\/www.gruen-gmbh.de\/wp-content\/uploads\/2025\/02\/5182_Gruen-Spezialmaschinen_20211001-1-scaled-600x518.jpg 600w, https:\/\/www.gruen-gmbh.de\/wp-content\/uploads\/2025\/02\/5182_Gruen-Spezialmaschinen_20211001-1-300x259.jpg 300w, https:\/\/www.gruen-gmbh.de\/wp-content\/uploads\/2025\/02\/5182_Gruen-Spezialmaschinen_20211001-1-768x663.jpg 768w, https:\/\/www.gruen-gmbh.de\/wp-content\/uploads\/2025\/02\/5182_Gruen-Spezialmaschinen_20211001-1-1536x1326.jpg 1536w, https:\/\/www.gruen-gmbh.de\/wp-content\/uploads\/2025\/02\/5182_Gruen-Spezialmaschinen_20211001-1-2048x1768.jpg 2048w, https:\/\/www.gruen-gmbh.de\/wp-content\/uploads\/2025\/02\/5182_Gruen-Spezialmaschinen_20211001-1-14x12.jpg 14w\" sizes=\"(max-width: 800px) 100vw, 800px\" \/>\t\t\t\t\t\t\t\t\t\t\t\t\t\t\t<\/div>\n\t\t\t\t<\/div>\n\t\t\t\t<\/div>\n\t\t<div class=\"elementor-element elementor-element-267f4880 e-con-full e-flex e-con e-parent\" data-id=\"267f4880\" data-element_type=\"container\">\n\t\t<div class=\"elementor-element elementor-element-67983791 e-flex e-con-boxed e-con e-child\" data-id=\"67983791\" data-element_type=\"container\">\n\t\t\t\t\t<div class=\"e-con-inner\">\n\t\t\t\t<div class=\"elementor-element elementor-element-491f56ee elementor-widget__width-inherit elementor-widget elementor-widget-heading\" data-id=\"491f56ee\" data-element_type=\"widget\" data-widget_type=\"heading.default\">\n\t\t\t\t<div class=\"elementor-widget-container\">\n\t\t\t\t\t<p class=\"elementor-heading-title elementor-size-default\">You are important to us<\/p>\t\t\t\t<\/div>\n\t\t\t\t<\/div>\n\t\t\t\t<div class=\"elementor-element elementor-element-2cf6dcba elementor-widget__width-inherit elementor-widget elementor-widget-heading\" data-id=\"2cf6dcba\" data-element_type=\"widget\" data-widget_type=\"heading.default\">\n\t\t\t\t<div class=\"elementor-widget-container\">\n\t\t\t\t\t<h2 class=\"elementor-heading-title elementor-size-default\">Your benefits<\/h2>\t\t\t\t<\/div>\n\t\t\t\t<\/div>\n\t\t\t\t\t<\/div>\n\t\t\t\t<\/div>\n\t\t<div class=\"elementor-element elementor-element-9e4a705 e-flex e-con-boxed e-con e-child\" data-id=\"9e4a705\" data-element_type=\"container\">\n\t\t\t\t\t<div class=\"e-con-inner\">\n\t\t\t\t<div class=\"elementor-element elementor-element-13eeecc3 elementor-widget__width-initial elementor-widget-mobile__width-inherit elementor-invisible elementor-widget elementor-widget-icon-box\" data-id=\"13eeecc3\" data-element_type=\"widget\" data-settings=\"{&quot;_animation&quot;:&quot;fadeInUp&quot;}\" data-widget_type=\"icon-box.default\">\n\t\t\t\t<div class=\"elementor-widget-container\">\n\t\t\t\t\t\t\t<div class=\"elementor-icon-box-wrapper\">\n\n\t\t\t\n\t\t\t\t\t\t<div class=\"elementor-icon-box-content\">\n\n\t\t\t\t\t\t\t\t\t<h3 class=\"elementor-icon-box-title\">\n\t\t\t\t\t\t<span  >\n\t\t\t\t\t\t\tCollective agreement with 14 salaries\t\t\t\t\t\t<\/span>\n\t\t\t\t\t<\/h3>\n\t\t\t\t\n\t\t\t\t\n\t\t\t<\/div>\n\t\t\t\n\t\t<\/div>\n\t\t\t\t\t\t<\/div>\n\t\t\t\t<\/div>\n\t\t\t\t<div class=\"elementor-element elementor-element-2d6c12fa elementor-widget__width-initial elementor-widget-mobile__width-inherit elementor-invisible elementor-widget elementor-widget-icon-box\" data-id=\"2d6c12fa\" data-element_type=\"widget\" data-settings=\"{&quot;_animation&quot;:&quot;fadeInUp&quot;,&quot;_animation_delay&quot;:&quot;300&quot;}\" data-widget_type=\"icon-box.default\">\n\t\t\t\t<div class=\"elementor-widget-container\">\n\t\t\t\t\t\t\t<div class=\"elementor-icon-box-wrapper\">\n\n\t\t\t\n\t\t\t\t\t\t<div class=\"elementor-icon-box-content\">\n\n\t\t\t\t\t\t\t\t\t<h3 class=\"elementor-icon-box-title\">\n\t\t\t\t\t\t<span  >\n\t\t\t\t\t\t\tUp to 36 vacation days \t\t\t\t\t\t<\/span>\n\t\t\t\t\t<\/h3>\n\t\t\t\t\n\t\t\t\t\n\t\t\t<\/div>\n\t\t\t\n\t\t<\/div>\n\t\t\t\t\t\t<\/div>\n\t\t\t\t<\/div>\n\t\t\t\t<div class=\"elementor-element elementor-element-5ba23785 elementor-widget__width-initial elementor-widget-mobile__width-inherit elementor-invisible elementor-widget elementor-widget-icon-box\" data-id=\"5ba23785\" data-element_type=\"widget\" data-settings=\"{&quot;_animation&quot;:&quot;fadeInUp&quot;,&quot;_animation_delay&quot;:&quot;600&quot;}\" data-widget_type=\"icon-box.default\">\n\t\t\t\t<div class=\"elementor-widget-container\">\n\t\t\t\t\t\t\t<div class=\"elementor-icon-box-wrapper\">\n\n\t\t\t\n\t\t\t\t\t\t<div class=\"elementor-icon-box-content\">\n\n\t\t\t\t\t\t\t\t\t<h3 class=\"elementor-icon-box-title\">\n\t\t\t\t\t\t<span  >\n\t\t\t\t\t\t\tFlexible working hours\t\t\t\t\t\t<\/span>\n\t\t\t\t\t<\/h3>\n\t\t\t\t\n\t\t\t\t\n\t\t\t<\/div>\n\t\t\t\n\t\t<\/div>\n\t\t\t\t\t\t<\/div>\n\t\t\t\t<\/div>\n\t\t\t\t<div class=\"elementor-element elementor-element-50d700f1 elementor-widget__width-initial elementor-widget-mobile__width-inherit elementor-invisible elementor-widget elementor-widget-icon-box\" data-id=\"50d700f1\" data-element_type=\"widget\" data-settings=\"{&quot;_animation&quot;:&quot;fadeInUp&quot;,&quot;_animation_delay&quot;:100}\" data-widget_type=\"icon-box.default\">\n\t\t\t\t<div class=\"elementor-widget-container\">\n\t\t\t\t\t\t\t<div class=\"elementor-icon-box-wrapper\">\n\n\t\t\t\n\t\t\t\t\t\t<div class=\"elementor-icon-box-content\">\n\n\t\t\t\t\t\t\t\t\t<h3 class=\"elementor-icon-box-title\">\n\t\t\t\t\t\t<span  >\n\t\t\t\t\t\t\tLong-term perspective\t\t\t\t\t\t<\/span>\n\t\t\t\t\t<\/h3>\n\t\t\t\t\n\t\t\t\t\t\t\t\t\t<p class=\"elementor-icon-box-description\">\n\t\t\t\t\t\tTakeover planned\t\t\t\t\t<\/p>\n\t\t\t\t\n\t\t\t<\/div>\n\t\t\t\n\t\t<\/div>\n\t\t\t\t\t\t<\/div>\n\t\t\t\t<\/div>\n\t\t\t\t<div class=\"elementor-element elementor-element-1f5b8843 elementor-widget__width-initial elementor-widget-mobile__width-inherit elementor-invisible elementor-widget elementor-widget-icon-box\" data-id=\"1f5b8843\" data-element_type=\"widget\" data-settings=\"{&quot;_animation&quot;:&quot;fadeInUp&quot;,&quot;_animation_delay&quot;:400}\" data-widget_type=\"icon-box.default\">\n\t\t\t\t<div class=\"elementor-widget-container\">\n\t\t\t\t\t\t\t<div class=\"elementor-icon-box-wrapper\">\n\n\t\t\t\n\t\t\t\t\t\t<div class=\"elementor-icon-box-content\">\n\n\t\t\t\t\t\t\t\t\t<h3 class=\"elementor-icon-box-title\">\n\t\t\t\t\t\t<span  >\n\t\t\t\t\t\t\tZuschuss zur Altersvorsorge, Fahrgeld &amp; Jobrad\t\t\t\t\t\t<\/span>\n\t\t\t\t\t<\/h3>\n\t\t\t\t\n\t\t\t\t\n\t\t\t<\/div>\n\t\t\t\n\t\t<\/div>\n\t\t\t\t\t\t<\/div>\n\t\t\t\t<\/div>\n\t\t\t\t<div class=\"elementor-element elementor-element-3abf12d0 elementor-widget__width-initial elementor-widget-mobile__width-inherit elementor-invisible elementor-widget elementor-widget-icon-box\" data-id=\"3abf12d0\" data-element_type=\"widget\" data-settings=\"{&quot;_animation&quot;:&quot;fadeInUp&quot;,&quot;_animation_delay&quot;:700}\" data-widget_type=\"icon-box.default\">\n\t\t\t\t<div class=\"elementor-widget-container\">\n\t\t\t\t\t\t\t<div class=\"elementor-icon-box-wrapper\">\n\n\t\t\t\n\t\t\t\t\t\t<div class=\"elementor-icon-box-content\">\n\n\t\t\t\t\t\t\t\t\t<h3 class=\"elementor-icon-box-title\">\n\t\t\t\t\t\t<span  >\n\t\t\t\t\t\t\tContinuing education\t\t\t\t\t\t<\/span>\n\t\t\t\t\t<\/h3>\n\t\t\t\t\n\t\t\t\t\n\t\t\t<\/div>\n\t\t\t\n\t\t<\/div>\n\t\t\t\t\t\t<\/div>\n\t\t\t\t<\/div>\n\t\t\t\t\t<\/div>\n\t\t\t\t<\/div>\n\t\t\t\t<\/div>\n\t\t<div class=\"elementor-element elementor-element-b8b0187 e-flex e-con-boxed e-con e-parent\" data-id=\"b8b0187\" data-element_type=\"container\">\n\t\t\t\t\t<div class=\"e-con-inner\">\n\t\t\t\t\t<\/div>\n\t\t\t\t<\/div>\n\t\t<div class=\"elementor-element elementor-element-af5c910 e-flex e-con-boxed e-con e-parent\" data-id=\"af5c910\" data-element_type=\"container\" id=\"ausbildungsstelle\">\n\t\t\t\t\t<div class=\"e-con-inner\">\n\t\t\t\t<div class=\"elementor-element elementor-element-6f592bc elementor-widget elementor-widget-heading\" data-id=\"6f592bc\" data-element_type=\"widget\" id=\"stellen\" data-widget_type=\"heading.default\">\n\t\t\t\t<div class=\"elementor-widget-container\">\n\t\t\t\t\t<h2 class=\"elementor-heading-title elementor-size-default\">Vacancies<\/h2>\t\t\t\t<\/div>\n\t\t\t\t<\/div>\n\t\t\t\t<div class=\"elementor-element elementor-element-819eadc elementor-widget elementor-widget-ucaddon_post_list\" data-id=\"819eadc\" data-element_type=\"widget\" data-widget_type=\"ucaddon_post_list.default\">\n\t\t\t\t<div class=\"elementor-widget-container\">\n\t\t\t\t\t\n<!-- start Post List -->\n\t\t<link id='font-awesome-css' href='https:\/\/www.gruen-gmbh.de\/wp-content\/plugins\/unlimited-elements-for-elementor-premium\/assets_libraries\/font-awesome6\/fontawesome-all.min.css' type='text\/css' rel='stylesheet' >\n\t\t<link id='font-awesome-4-shim-css' href='https:\/\/www.gruen-gmbh.de\/wp-content\/plugins\/unlimited-elements-for-elementor-premium\/assets_libraries\/font-awesome6\/fontawesome-v4-shims.min.css' type='text\/css' rel='stylesheet' >\n\n<style>\/* widget: Post List *\/\n\n\n\n#uc_post_list_elementor_819eadc{\n  display:grid;\n}\n\n#uc_post_list_elementor_819eadc .uc_post_list_image div{\n  background-size:cover;\n  background-position:center;\n}\n\n.uc_post_list .uc_post_list_box{\n\tposition: relative;\n\toverflow: hidden;\n\tdisplay: flex;\n}\n\n#uc_post_list_elementor_819eadc .uc_post_list_image{\n  flex-grow:0;\n  flex-shrink:0;\n  overflow: hidden;\n}\n\n#uc_post_list_elementor_819eadc .uc_post_list_image img{\n  width:100%;\n  height:100%;\n  display:block;\n  transition:0.3s;  \n}\n\n.uc_post_list_title a{\n\tcolor: #333333;\n    display: block;\n}\n\n.uc_post_list_date{\n\tfont-size: 12px;\n}\n\n#uc_post_list_elementor_819eadc .uc_post_list_content{\n  display:flex;\n  flex-direction:column;\n  flex:1;\n}\n\n#uc_post_list_elementor_819eadc .uc_more_btn{\n  text-align:center;\n  text-decoration:none;\n  transition:0.3s;\n  position: relative;\n  z-index: 1;\n}\n\n#uc_post_list_elementor_819eadc .button-on-side{\n  display:flex;\n  align-items:center;\n}\n\n#uc_post_list_elementor_819eadc .ue-grid-item-category{\n  display: flex;\n  align-items: center;\n}\n\n.ue-grid-item-category a{\n  display:inline-block;\n  font-size:10px;\n  text-transform:uppercase;\n  white-space: nowrap;\n}\n\n#uc_post_list_elementor_819eadc .ue-meta-data{  \n  display:flex;\n  flex-wrap: wrap;\n  line-height:1em;\n}\n\n#uc_post_list_elementor_819eadc .ue-grid-item-meta-data{\n      display:inline-flex;\n      align-items:center;\n}\n\n.ue-grid-item-meta-data{\n  font-size:12px;\n}\n\n#uc_post_list_elementor_819eadc .ue-grid-item-meta-data-icon{\n  line-height:1em;\n}\n\n#uc_post_list_elementor_819eadc .ue-grid-item-meta-data-icon svg{\n  width:1em;\n  height:1em;\n} \n\n#uc_post_list_elementor_819eadc .ue-debug-meta{\n  padding:10px;\n  border:1px solid red;\n  position:relative;\n  line-height:1.5em;\n  font-size:11px;\n  width:100%;\n}\n\n.uc-remote-parent .uc_post_list_box{\n\tcursor:pointer;\n}\n\n#uc_post_list_elementor_819eadc .ue-post-link-overlay{\n  display:block;\n  position:absolute;\n  top:0;\n  bottom:0;\n  right:0;\n  left:0;\n}\n\n\n\n\n<\/style>\n\n<div class=\"uc_post_list uc-items-wrapper\" id=\"uc_post_list_elementor_819eadc\"  >    \t\n  <div class=\"uc_post_list_box\" data-category=\"Ausbildung\">\n  \n  \t    <div class=\"uc_post_list_image\">\n      <a href=\"https:\/\/www.gruen-gmbh.de\/en\/ausbildung-als-industriemechaniker-m-w-d\/\" target=\"_blank\" title=\"Apprenticeship as an industrial mechanic (m\/f\/d)\">\n          \n            <img decoding=\"async\" src=\"https:\/\/www.gruen-gmbh.de\/wp-content\/uploads\/2025\/02\/5182_Gruen-Spezialmaschinen_20211001-1-scaled.jpg\"  alt=\"Firma Gr\u00fcn Spezialmaschinen\" width=\"2560\" height=\"2210\">\n        \t\n        \n      <\/a>\n    <\/div>\n  \t\t\n  \n    <div class=\"uc_post_list_content\">\n      <div class=\"uc_post_list_content_inside\">\n        \n                       \n        <div class=\"uc_post_list_title\"><a target=\"_blank\" href=\"https:\/\/www.gruen-gmbh.de\/en\/ausbildung-als-industriemechaniker-m-w-d\/\" title=\"Apprenticeship as an industrial mechanic (m\/f\/d)\">Apprenticeship as an industrial mechanic (m\/f\/d)<\/a><\/div>                 \n        <div class=\"ue-meta-data\">\n                                               \n                                    \n            \n                        \n                        \n            \n              \n          <\/div>         \n                \n         <div class=\"uc_post_content\">Start your professional future in an internationally successful, down-to-earth family business with exciting products.<\/div>           \n        \n                 \n      <\/div>\n    <\/div>\n     \n            <div class=\"button-on-side\"><a target=\"_blank\" href='https:\/\/www.gruen-gmbh.de\/en\/ausbildung-als-industriemechaniker-m-w-d\/' class=\"uc_more_btn\" title=\"\">Apply now<\/a><\/div>\n       \n  \n   <\/div>\n<div class=\"uc_post_list_box\" data-category=\"Ausbildung\">\n  \n  \t    <div class=\"uc_post_list_image\">\n      <a href=\"https:\/\/www.gruen-gmbh.de\/en\/ausbildung-als-konstruktionsmechaniker-m-w-d\/\" target=\"_blank\" title=\"Apprenticeship as a construction mechanic (m\/f\/d)\">\n          \n            <img decoding=\"async\" src=\"https:\/\/www.gruen-gmbh.de\/wp-content\/uploads\/2025\/02\/5059_Gruen-Spezialmaschinen_20211001-scaled.jpg\"  alt=\"Firma Gr\u00fcn Spezialmaschinen\" width=\"2560\" height=\"1707\">\n        \t\n        \n      <\/a>\n    <\/div>\n  \t\t\n  \n    <div class=\"uc_post_list_content\">\n      <div class=\"uc_post_list_content_inside\">\n        \n                       \n        <div class=\"uc_post_list_title\"><a target=\"_blank\" href=\"https:\/\/www.gruen-gmbh.de\/en\/ausbildung-als-konstruktionsmechaniker-m-w-d\/\" title=\"Apprenticeship as a construction mechanic (m\/f\/d)\">Apprenticeship as a construction mechanic (m\/f\/d)<\/a><\/div>                 \n        <div class=\"ue-meta-data\">\n                                               \n                                    \n            \n                        \n                        \n            \n              \n          <\/div>         \n                \n         <div class=\"uc_post_content\">Start your professional future in an internationally successful, down-to-earth family business with exciting products.<\/div>           \n        \n                 \n      <\/div>\n    <\/div>\n     \n            <div class=\"button-on-side\"><a target=\"_blank\" href='https:\/\/www.gruen-gmbh.de\/en\/ausbildung-als-konstruktionsmechaniker-m-w-d\/' class=\"uc_more_btn\" title=\"\">Apply now<\/a><\/div>\n       \n  \n   <\/div>\n\n<\/div>\n\n\n  <div id=\"uc_post_list_elementor_819eadc_empty_message\" class=\"ue-no-posts-found\"  style=\"display:none\" >No job vacancies<\/div>\n\n\n<!-- end Post List -->\t\t\t\t<\/div>\n\t\t\t\t<\/div>\n\t\t\t\t\t<\/div>\n\t\t\t\t<\/div>\n\t\t\t\t<\/div>","protected":false},"excerpt":{"rendered":"<p>Deine Ausbildung bei GR\u00dcN Zu den offenen Stellen Du bist uns wichtig Deine Benefits Tarifvertrag mit 14 Geh\u00e4ltern Bis zu 36 Urlaubstage Flexible Arbeitszeiten Langfristige Perspektive \u00dcbernahme vorgesehen Zuschuss zur Altersvorsorge, Fahrgeld &#038; Jobrad Weiterbildungen Offene Stellen Industriekaufmann (m\/w\/d) Zur Verst\u00e4rkung unseres Teams suchen wir zum n\u00e4chstm\u00f6glichen Eintrittstermin einen Elektroniker (m\/w\/d) Jetzt bewerben Keine offene [&hellip;]<\/p>","protected":false},"author":1,"featured_media":0,"parent":0,"menu_order":0,"comment_status":"closed","ping_status":"closed","template":"","meta":{"footnotes":""},"class_list":["post-42170","page","type-page","status-publish","hentry"],"yoast_head":"<!-- This site is optimized with the Yoast SEO plugin v26.3 - https:\/\/yoast.com\/wordpress\/plugins\/seo\/ -->\n<title>Ausbildung - Gr\u00fcn GmbH<\/title>\n<meta name=\"robots\" content=\"index, follow, max-snippet:-1, max-image-preview:large, max-video-preview:-1\" \/>\n<link rel=\"canonical\" href=\"https:\/\/www.gruen-gmbh.de\/en\/ausbildung\/\" \/>\n<meta property=\"og:locale\" content=\"en_US\" \/>\n<meta property=\"og:type\" content=\"article\" \/>\n<meta property=\"og:title\" content=\"Ausbildung - Gr\u00fcn GmbH\" \/>\n<meta property=\"og:description\" content=\"Deine Ausbildung bei GR\u00dcN Zu den offenen Stellen Du bist uns wichtig Deine Benefits Tarifvertrag mit 14 Geh\u00e4ltern Bis zu 36 Urlaubstage Flexible Arbeitszeiten Langfristige Perspektive \u00dcbernahme vorgesehen Zuschuss zur Altersvorsorge, Fahrgeld &#038; Jobrad Weiterbildungen Offene Stellen Industriekaufmann (m\/w\/d) Zur Verst\u00e4rkung unseres Teams suchen wir zum n\u00e4chstm\u00f6glichen Eintrittstermin einen Elektroniker (m\/w\/d) Jetzt bewerben Keine offene [&hellip;]\" \/>\n<meta property=\"og:url\" content=\"https:\/\/www.gruen-gmbh.de\/en\/ausbildung\/\" \/>\n<meta property=\"og:site_name\" content=\"Gr\u00fcn GmbH\" \/>\n<meta property=\"article:modified_time\" content=\"2025-02-17T08:44:02+00:00\" \/>\n<meta property=\"og:image\" content=\"https:\/\/www.gruen-gmbh.de\/wp-content\/uploads\/2025\/02\/5182_Gruen-Spezialmaschinen_20211001-1-scaled.jpg\" \/>\n\t<meta property=\"og:image:width\" content=\"2560\" \/>\n\t<meta property=\"og:image:height\" content=\"2210\" \/>\n\t<meta property=\"og:image:type\" content=\"image\/jpeg\" \/>\n<meta name=\"twitter:card\" content=\"summary_large_image\" \/>\n<script type=\"application\/ld+json\" class=\"yoast-schema-graph\">{\"@context\":\"https:\/\/schema.org\",\"@graph\":[{\"@type\":\"WebPage\",\"@id\":\"https:\/\/www.gruen-gmbh.de\/ausbildung\/\",\"url\":\"https:\/\/www.gruen-gmbh.de\/ausbildung\/\",\"name\":\"Ausbildung - Gr\u00fcn GmbH\",\"isPartOf\":{\"@id\":\"https:\/\/www.gruen-gmbh.de\/en\/#website\"},\"primaryImageOfPage\":{\"@id\":\"https:\/\/www.gruen-gmbh.de\/ausbildung\/#primaryimage\"},\"image\":{\"@id\":\"https:\/\/www.gruen-gmbh.de\/ausbildung\/#primaryimage\"},\"thumbnailUrl\":\"https:\/\/www.gruen-gmbh.de\/wp-content\/uploads\/2025\/02\/5182_Gruen-Spezialmaschinen_20211001-1-1024x884.jpg\",\"datePublished\":\"2025-02-17T08:03:28+00:00\",\"dateModified\":\"2025-02-17T08:44:02+00:00\",\"breadcrumb\":{\"@id\":\"https:\/\/www.gruen-gmbh.de\/ausbildung\/#breadcrumb\"},\"inLanguage\":\"en-US\",\"potentialAction\":[{\"@type\":\"ReadAction\",\"target\":[\"https:\/\/www.gruen-gmbh.de\/ausbildung\/\"]}]},{\"@type\":\"ImageObject\",\"inLanguage\":\"en-US\",\"@id\":\"https:\/\/www.gruen-gmbh.de\/ausbildung\/#primaryimage\",\"url\":\"https:\/\/www.gruen-gmbh.de\/wp-content\/uploads\/2025\/02\/5182_Gruen-Spezialmaschinen_20211001-1-1024x884.jpg\",\"contentUrl\":\"https:\/\/www.gruen-gmbh.de\/wp-content\/uploads\/2025\/02\/5182_Gruen-Spezialmaschinen_20211001-1-1024x884.jpg\"},{\"@type\":\"BreadcrumbList\",\"@id\":\"https:\/\/www.gruen-gmbh.de\/ausbildung\/#breadcrumb\",\"itemListElement\":[{\"@type\":\"ListItem\",\"position\":1,\"name\":\"Startseite\",\"item\":\"https:\/\/www.gruen-gmbh.de\/\"},{\"@type\":\"ListItem\",\"position\":2,\"name\":\"Ausbildung\"}]},{\"@type\":\"WebSite\",\"@id\":\"https:\/\/www.gruen-gmbh.de\/en\/#website\",\"url\":\"https:\/\/www.gruen-gmbh.de\/en\/\",\"name\":\"Gr\u00fcn GmbH\",\"description\":\"\",\"publisher\":{\"@id\":\"https:\/\/www.gruen-gmbh.de\/en\/#organization\"},\"potentialAction\":[{\"@type\":\"SearchAction\",\"target\":{\"@type\":\"EntryPoint\",\"urlTemplate\":\"https:\/\/www.gruen-gmbh.de\/en\/?s={search_term_string}\"},\"query-input\":{\"@type\":\"PropertyValueSpecification\",\"valueRequired\":true,\"valueName\":\"search_term_string\"}}],\"inLanguage\":\"en-US\"},{\"@type\":\"Organization\",\"@id\":\"https:\/\/www.gruen-gmbh.de\/en\/#organization\",\"name\":\"Gr\u00fcn GmbH\",\"url\":\"https:\/\/www.gruen-gmbh.de\/en\/\",\"logo\":{\"@type\":\"ImageObject\",\"inLanguage\":\"en-US\",\"@id\":\"https:\/\/www.gruen-gmbh.de\/en\/#\/schema\/logo\/image\/\",\"url\":\"https:\/\/www.gruen-gmbh.de\/wp-content\/uploads\/2024\/07\/gruen-logo.webp\",\"contentUrl\":\"https:\/\/www.gruen-gmbh.de\/wp-content\/uploads\/2024\/07\/gruen-logo.webp\",\"width\":672,\"height\":164,\"caption\":\"Gr\u00fcn GmbH\"},\"image\":{\"@id\":\"https:\/\/www.gruen-gmbh.de\/en\/#\/schema\/logo\/image\/\"}}]}<\/script>\n<!-- \/ Yoast SEO plugin. -->","yoast_head_json":{"title":"Ausbildung - Gr\u00fcn GmbH","robots":{"index":"index","follow":"follow","max-snippet":"max-snippet:-1","max-image-preview":"max-image-preview:large","max-video-preview":"max-video-preview:-1"},"canonical":"https:\/\/www.gruen-gmbh.de\/en\/ausbildung\/","og_locale":"en_US","og_type":"article","og_title":"Ausbildung - Gr\u00fcn GmbH","og_description":"Deine Ausbildung bei GR\u00dcN Zu den offenen Stellen Du bist uns wichtig Deine Benefits Tarifvertrag mit 14 Geh\u00e4ltern Bis zu 36 Urlaubstage Flexible Arbeitszeiten Langfristige Perspektive \u00dcbernahme vorgesehen Zuschuss zur Altersvorsorge, Fahrgeld &#038; Jobrad Weiterbildungen Offene Stellen Industriekaufmann (m\/w\/d) Zur Verst\u00e4rkung unseres Teams suchen wir zum n\u00e4chstm\u00f6glichen Eintrittstermin einen Elektroniker (m\/w\/d) Jetzt bewerben Keine offene [&hellip;]","og_url":"https:\/\/www.gruen-gmbh.de\/en\/ausbildung\/","og_site_name":"Gr\u00fcn GmbH","article_modified_time":"2025-02-17T08:44:02+00:00","og_image":[{"width":2560,"height":2210,"url":"https:\/\/www.gruen-gmbh.de\/wp-content\/uploads\/2025\/02\/5182_Gruen-Spezialmaschinen_20211001-1-scaled.jpg","type":"image\/jpeg"}],"twitter_card":"summary_large_image","schema":{"@context":"https:\/\/schema.org","@graph":[{"@type":"WebPage","@id":"https:\/\/www.gruen-gmbh.de\/ausbildung\/","url":"https:\/\/www.gruen-gmbh.de\/ausbildung\/","name":"Ausbildung - Gr\u00fcn GmbH","isPartOf":{"@id":"https:\/\/www.gruen-gmbh.de\/en\/#website"},"primaryImageOfPage":{"@id":"https:\/\/www.gruen-gmbh.de\/ausbildung\/#primaryimage"},"image":{"@id":"https:\/\/www.gruen-gmbh.de\/ausbildung\/#primaryimage"},"thumbnailUrl":"https:\/\/www.gruen-gmbh.de\/wp-content\/uploads\/2025\/02\/5182_Gruen-Spezialmaschinen_20211001-1-1024x884.jpg","datePublished":"2025-02-17T08:03:28+00:00","dateModified":"2025-02-17T08:44:02+00:00","breadcrumb":{"@id":"https:\/\/www.gruen-gmbh.de\/ausbildung\/#breadcrumb"},"inLanguage":"en-US","potentialAction":[{"@type":"ReadAction","target":["https:\/\/www.gruen-gmbh.de\/ausbildung\/"]}]},{"@type":"ImageObject","inLanguage":"en-US","@id":"https:\/\/www.gruen-gmbh.de\/ausbildung\/#primaryimage","url":"https:\/\/www.gruen-gmbh.de\/wp-content\/uploads\/2025\/02\/5182_Gruen-Spezialmaschinen_20211001-1-1024x884.jpg","contentUrl":"https:\/\/www.gruen-gmbh.de\/wp-content\/uploads\/2025\/02\/5182_Gruen-Spezialmaschinen_20211001-1-1024x884.jpg"},{"@type":"BreadcrumbList","@id":"https:\/\/www.gruen-gmbh.de\/ausbildung\/#breadcrumb","itemListElement":[{"@type":"ListItem","position":1,"name":"Startseite","item":"https:\/\/www.gruen-gmbh.de\/"},{"@type":"ListItem","position":2,"name":"Ausbildung"}]},{"@type":"WebSite","@id":"https:\/\/www.gruen-gmbh.de\/en\/#website","url":"https:\/\/www.gruen-gmbh.de\/en\/","name":"Gr\u00fcn GmbH","description":"","publisher":{"@id":"https:\/\/www.gruen-gmbh.de\/en\/#organization"},"potentialAction":[{"@type":"SearchAction","target":{"@type":"EntryPoint","urlTemplate":"https:\/\/www.gruen-gmbh.de\/en\/?s={search_term_string}"},"query-input":{"@type":"PropertyValueSpecification","valueRequired":true,"valueName":"search_term_string"}}],"inLanguage":"en-US"},{"@type":"Organization","@id":"https:\/\/www.gruen-gmbh.de\/en\/#organization","name":"Gr\u00fcn GmbH","url":"https:\/\/www.gruen-gmbh.de\/en\/","logo":{"@type":"ImageObject","inLanguage":"en-US","@id":"https:\/\/www.gruen-gmbh.de\/en\/#\/schema\/logo\/image\/","url":"https:\/\/www.gruen-gmbh.de\/wp-content\/uploads\/2024\/07\/gruen-logo.webp","contentUrl":"https:\/\/www.gruen-gmbh.de\/wp-content\/uploads\/2024\/07\/gruen-logo.webp","width":672,"height":164,"caption":"Gr\u00fcn GmbH"},"image":{"@id":"https:\/\/www.gruen-gmbh.de\/en\/#\/schema\/logo\/image\/"}}]}},"_links":{"self":[{"href":"https:\/\/www.gruen-gmbh.de\/en\/wp-json\/wp\/v2\/pages\/42170","targetHints":{"allow":["GET"]}}],"collection":[{"href":"https:\/\/www.gruen-gmbh.de\/en\/wp-json\/wp\/v2\/pages"}],"about":[{"href":"https:\/\/www.gruen-gmbh.de\/en\/wp-json\/wp\/v2\/types\/page"}],"author":[{"embeddable":true,"href":"https:\/\/www.gruen-gmbh.de\/en\/wp-json\/wp\/v2\/users\/1"}],"replies":[{"embeddable":true,"href":"https:\/\/www.gruen-gmbh.de\/en\/wp-json\/wp\/v2\/comments?post=42170"}],"version-history":[{"count":0,"href":"https:\/\/www.gruen-gmbh.de\/en\/wp-json\/wp\/v2\/pages\/42170\/revisions"}],"wp:attachment":[{"href":"https:\/\/www.gruen-gmbh.de\/en\/wp-json\/wp\/v2\/media?parent=42170"}],"curies":[{"name":"wp","href":"https:\/\/api.w.org\/{rel}","templated":true}]}}